{"id":2195,"date":"2021-01-01T20:01:00","date_gmt":"2021-01-01T19:01:00","guid":{"rendered":"https:\/\/www.art-moves-europe.eu\/de\/?page_id=2195"},"modified":"2021-01-01T20:05:23","modified_gmt":"2021-01-01T19:05:23","slug":"focus-future","status":"publish","type":"page","link":"https:\/\/www.art-moves-europe.eu\/de\/focus-future\/","title":{"rendered":"Focus Future"},"content":{"rendered":"ngg_shortcode_0_placeholder\n<table style=\"border-collapse: collapse; width: 100%;\">\n<tbody>\n<tr>\n<td style=\"width: 100%;\">\n<h1><span style=\"font-size: 12pt;\">K\u00fcnstler : Erik R\u00fcffler<\/span> &nbsp;&nbsp;&nbsp;&nbsp;&nbsp;<\/h1>\n<p><strong>Standort: 23948&nbsp; &nbsp;&nbsp;Gantenbeck, Kurze&nbsp; &nbsp;&nbsp;&nbsp;&nbsp;&nbsp;&nbsp;&nbsp;Strasse 1<br \/>\n<\/strong><\/p>\n<p><strong>Titel: &nbsp;&nbsp;&nbsp;&nbsp;&nbsp;&nbsp;&nbsp;&nbsp; <\/strong><\/p>\n<p><strong>FOCUS FUTURE \u2013 Blick in die Zukunft<\/strong><\/p>\n<p>Der Landartpark PORT GANTENBECK ist seit 2013 in der Projektierung.<\/p>\n<p>2017 wurde der HAFEN Port Gantenbeck der \u00d6ffentlichkeit vorgestellt<\/p>\n<p>Port Gantenbeck entstand auf einem Gel\u00e4nde in Nordwest Mecklenburg\/ Deutschland,<\/p>\n<p>am Rande einer Feuchtraumwiese am Tarnewitzer Bach, der bei Tarnewitz\/Boltenhagen in die<\/p>\n<p>L\u00fcbecker Bucht\/Ostsee m\u00fcndet&nbsp;&nbsp;&nbsp;&nbsp;&nbsp;&nbsp;&nbsp;&nbsp;&nbsp;&nbsp;&nbsp;&nbsp;&nbsp;<\/p>\n<p>Bei einem vorhergesagten Anstieg des Meeresspiegels von 1,5 Metern wird Port Gantenbeck am Wasser liegen.<\/p>\n<p>Der Landartpark Port Gantenbeck soll zum Nachdenken, \u00fcber den Klimawandel und was k\u00f6nnen wir als jeder Einzelne tun, anregen.<\/p>\n<p>Am 19.12.2020 ist die Positionierung des Mauersegmentes FOCUS FUTURE, im Landartpark Port Gantenbeck, erfolgt.<\/p>\n<p>Ein vorhandener Durchblick in dem Mauersegment soll den Blick auf den Hafen noch focusieren.&nbsp; &nbsp;&nbsp;<\/p>\n<p>&nbsp;Das Mauersegment (b1,3m x t1,5m x h2,6m Gewicht ca.2400kg) wird an der Zufahrtstrasse des Landartparks aufgestellt und l\u00e4dt so vorbei Reisende ein, einen Blick auf den Hafen zu werfen.<\/p>\n<p>F\u00fcr die Aufstellungsplattform wurden ca. 25 cbm Erde bewegt. Das Projekt ist selbst finanziert.<\/p>\n<p>Ein beistehende Infotafel erl\u00e4utert das Projekt PORT GANTENBECK.<\/p>\n<p>Pfingsten 2021 wird das Projekt \u201eFOCUS FUTURE \u2013 Blick in die Zukunft\u201c bei der j\u00e4hrlichen Schau<\/p>\n<p>\u201eKunst offen in MV\u201c in der \u00d6ffentlichkeit vorgestellt.<\/p>\n<p>&nbsp;<\/p>\n<p>Der Landartpark PORT GANTENBECK ist nur ein Teil einer europ\u00e4ischen Betrachtung f\u00fcr die Ver\u00e4nderungen unserer Umwelt. Je nach Region in Europa sind die Ver\u00e4nderungen unterschiedlich und werden auch unterschiedlich wahrgenommen. Viele unterschiedliche Initiativen werden n\u00f6tig sein um ein gemeinsamen Weg zu finden. FOCUS FUTURE m\u00f6chte ein Baustein sein.<\/p>\n<p><strong>FOCUS FUTURE \u2013 Blick in die Zukunft.<\/strong><\/p>\n<p><strong>&nbsp;<\/strong><strong>Nur wenn etwas Empathie erzeugt, bleibt es im Ged\u00e4chtnis &nbsp;<\/strong><\/p>\n<p><strong>und kann Ver\u00e4nderungen bewirken.<\/strong><\/p>\n<p><strong>&nbsp;<\/strong><\/p>\n<p>Erik R\u00fcffler&nbsp;&nbsp;&nbsp;&nbsp;&nbsp;&nbsp;&nbsp;&nbsp;&nbsp;&nbsp;&nbsp;&nbsp;&nbsp;&nbsp;&nbsp;&nbsp;&nbsp;&nbsp;&nbsp;&nbsp;&nbsp;&nbsp;&nbsp;&nbsp;&nbsp;&nbsp;&nbsp;&nbsp;&nbsp;&nbsp;&nbsp;&nbsp;&nbsp;&nbsp;&nbsp;&nbsp;&nbsp;&nbsp;&nbsp;&nbsp;&nbsp;&nbsp;&nbsp;&nbsp;<\/p>\n<p>0172-9878936&nbsp;&nbsp;&nbsp;&nbsp;&nbsp;&nbsp;&nbsp;&nbsp;&nbsp;&nbsp;&nbsp;&nbsp;&nbsp;&nbsp;&nbsp;&nbsp;&nbsp;&nbsp;&nbsp;&nbsp;&nbsp;&nbsp;&nbsp;&nbsp;&nbsp;&nbsp;&nbsp;&nbsp;&nbsp;&nbsp;&nbsp;&nbsp;&nbsp;&nbsp;&nbsp;&nbsp;&nbsp;&nbsp;&nbsp;&nbsp;&nbsp;&nbsp;&nbsp;&nbsp;&nbsp;&nbsp;&nbsp;&nbsp;&nbsp;&nbsp;&nbsp;&nbsp;&nbsp;&nbsp;&nbsp;&nbsp;&nbsp;&nbsp;&nbsp;&nbsp;&nbsp;&nbsp;&nbsp;&nbsp;&nbsp;&nbsp;&nbsp;&nbsp;&nbsp;&nbsp;&nbsp;&nbsp;&nbsp;&nbsp;&nbsp;&nbsp;&nbsp;&nbsp;&nbsp;&nbsp;&nbsp;&nbsp;&nbsp;&nbsp;&nbsp;&nbsp;&nbsp;&nbsp;&nbsp;&nbsp;&nbsp;&nbsp;&nbsp;&nbsp;&nbsp;&nbsp;&nbsp;&nbsp;&nbsp;&nbsp;&nbsp;&nbsp;&nbsp;&nbsp;&nbsp;&nbsp;&nbsp;&nbsp;&nbsp;&nbsp;&nbsp;&nbsp;&nbsp;&nbsp;&nbsp;&nbsp;&nbsp;&nbsp;&nbsp;&nbsp; 12-2020<\/td>\n<\/tr>\n<\/tbody>\n<\/table>\n","protected":false},"excerpt":{"rendered":"<p>K\u00fcnstler : Erik R\u00fcffler &nbsp;&nbsp;&nbsp;&nbsp;&nbsp; Standort: 23948&nbsp; &nbsp;&nbsp;Gantenbeck, Kurze&nbsp; &nbsp;&nbsp;&nbsp;&nbsp;&nbsp;&nbsp;&nbsp;Strasse 1 Titel: &nbsp;&nbsp;&nbsp;&nbsp;&nbsp;&nbsp;&nbsp;&nbsp; FOCUS FUTURE \u2013 Blick in die Zukunft[&#8230;]<\/p>\n","protected":false},"author":2,"featured_media":0,"parent":0,"menu_order":0,"comment_status":"closed","ping_status":"closed","template":"","meta":{"ngg_post_thumbnail":0,"footnotes":""},"class_list":["post-2195","page","type-page","status-publish","hentry"],"yoast_head":"<!-- This site is optimized with the Yoast SEO plugin v27.5 - https:\/\/yoast.com\/product\/yoast-seo-wordpress\/ -->\n<title>Focus Future<\/title>\n<meta name=\"robots\" content=\"index, follow, max-snippet:-1, max-image-preview:large, max-video-preview:-1\" \/>\n<link rel=\"canonical\" href=\"https:\/\/www.art-moves-europe.eu\/de\/focus-future\/\" \/>\n<meta property=\"og:locale\" content=\"de_DE\" \/>\n<meta property=\"og:locale:alternate\" content=\"en_US\" \/>\n<meta property=\"og:type\" content=\"article\" \/>\n<meta property=\"og:title\" content=\"Focus Future\" \/>\n<meta property=\"og:description\" content=\"K\u00fcnstler : Erik R\u00fcffler &nbsp;&nbsp;&nbsp;&nbsp;&nbsp; Standort: 23948&nbsp; &nbsp;&nbsp;Gantenbeck, Kurze&nbsp; &nbsp;&nbsp;&nbsp;&nbsp;&nbsp;&nbsp;&nbsp;Strasse 1 Titel: &nbsp;&nbsp;&nbsp;&nbsp;&nbsp;&nbsp;&nbsp;&nbsp; FOCUS FUTURE \u2013 Blick in die Zukunft[...]\" \/>\n<meta property=\"og:url\" content=\"https:\/\/www.art-moves-europe.eu\/de\/focus-future\/\" \/>\n<meta property=\"og:site_name\" content=\"ART MOVES EUROPE e.V.\" \/>\n<meta property=\"article:modified_time\" content=\"2021-01-01T19:05:23+00:00\" \/>\n<meta name=\"twitter:card\" content=\"summary_large_image\" \/>\n<meta name=\"twitter:label1\" content=\"Gesch\u00e4tzte Lesezeit\" \/>\n\t<meta name=\"twitter:data1\" content=\"5\u00a0Minuten\" \/>\n<script type=\"application\/ld+json\" class=\"yoast-schema-graph\">{\"@context\":\"https:\\\/\\\/schema.org\",\"@graph\":[{\"@type\":\"WebPage\",\"@id\":\"https:\\\/\\\/www.art-moves-europe.eu\\\/focus-future\\\/\",\"url\":\"https:\\\/\\\/www.art-moves-europe.eu\\\/focus-future\\\/\",\"name\":\"Focus Future\",\"isPartOf\":{\"@id\":\"https:\\\/\\\/www.art-moves-europe.eu\\\/#website\"},\"datePublished\":\"2021-01-01T19:01:00+00:00\",\"dateModified\":\"2021-01-01T19:05:23+00:00\",\"breadcrumb\":{\"@id\":\"https:\\\/\\\/www.art-moves-europe.eu\\\/focus-future\\\/#breadcrumb\"},\"inLanguage\":\"de-DE\",\"potentialAction\":[{\"@type\":\"ReadAction\",\"target\":[\"https:\\\/\\\/www.art-moves-europe.eu\\\/focus-future\\\/\"]}]},{\"@type\":\"BreadcrumbList\",\"@id\":\"https:\\\/\\\/www.art-moves-europe.eu\\\/focus-future\\\/#breadcrumb\",\"itemListElement\":[{\"@type\":\"ListItem\",\"position\":1,\"name\":\"Startseite\",\"item\":\"https:\\\/\\\/www.art-moves-europe.eu\\\/\"},{\"@type\":\"ListItem\",\"position\":2,\"name\":\"Focus Future\"}]},{\"@type\":\"WebSite\",\"@id\":\"https:\\\/\\\/www.art-moves-europe.eu\\\/#website\",\"url\":\"https:\\\/\\\/www.art-moves-europe.eu\\\/\",\"name\":\"ART MOVES EUROPE e.V.\",\"description\":\"\",\"potentialAction\":[{\"@type\":\"SearchAction\",\"target\":{\"@type\":\"EntryPoint\",\"urlTemplate\":\"https:\\\/\\\/www.art-moves-europe.eu\\\/?s={search_term_string}\"},\"query-input\":{\"@type\":\"PropertyValueSpecification\",\"valueRequired\":true,\"valueName\":\"search_term_string\"}}],\"inLanguage\":\"de-DE\"}]}<\/script>\n<!-- \/ Yoast SEO plugin. -->","yoast_head_json":{"title":"Focus Future","robots":{"index":"index","follow":"follow","max-snippet":"max-snippet:-1","max-image-preview":"max-image-preview:large","max-video-preview":"max-video-preview:-1"},"canonical":"https:\/\/www.art-moves-europe.eu\/de\/focus-future\/","og_locale":"de_DE","og_type":"article","og_title":"[:en]Focus Future[:de]Focus Future[:] - ART MOVES EUROPE e.V.","og_description":"K\u00fcnstler : Erik R\u00fcffler &nbsp;&nbsp;&nbsp;&nbsp;&nbsp; Standort: 23948&nbsp; &nbsp;&nbsp;Gantenbeck, Kurze&nbsp; &nbsp;&nbsp;&nbsp;&nbsp;&nbsp;&nbsp;&nbsp;Strasse 1 Titel: &nbsp;&nbsp;&nbsp;&nbsp;&nbsp;&nbsp;&nbsp;&nbsp; FOCUS FUTURE \u2013 Blick in die Zukunft[...]","og_url":"https:\/\/www.art-moves-europe.eu\/de\/focus-future\/","og_site_name":"ART MOVES EUROPE e.V.","article_modified_time":"2021-01-01T19:05:23+00:00","twitter_card":"summary_large_image","twitter_misc":{"Gesch\u00e4tzte Lesezeit":"5\u00a0Minuten"},"schema":{"@context":"https:\/\/schema.org","@graph":[{"@type":"WebPage","@id":"https:\/\/www.art-moves-europe.eu\/focus-future\/","url":"https:\/\/www.art-moves-europe.eu\/focus-future\/","name":"Focus Future","isPartOf":{"@id":"https:\/\/www.art-moves-europe.eu\/#website"},"datePublished":"2021-01-01T19:01:00+00:00","dateModified":"2021-01-01T19:05:23+00:00","breadcrumb":{"@id":"https:\/\/www.art-moves-europe.eu\/focus-future\/#breadcrumb"},"inLanguage":"de-DE","potentialAction":[{"@type":"ReadAction","target":["https:\/\/www.art-moves-europe.eu\/focus-future\/"]}]},{"@type":"BreadcrumbList","@id":"https:\/\/www.art-moves-europe.eu\/focus-future\/#breadcrumb","itemListElement":[{"@type":"ListItem","position":1,"name":"Startseite","item":"https:\/\/www.art-moves-europe.eu\/"},{"@type":"ListItem","position":2,"name":"Focus Future"}]},{"@type":"WebSite","@id":"https:\/\/www.art-moves-europe.eu\/#website","url":"https:\/\/www.art-moves-europe.eu\/","name":"ART MOVES EUROPE e.V.","description":"","potentialAction":[{"@type":"SearchAction","target":{"@type":"EntryPoint","urlTemplate":"https:\/\/www.art-moves-europe.eu\/?s={search_term_string}"},"query-input":{"@type":"PropertyValueSpecification","valueRequired":true,"valueName":"search_term_string"}}],"inLanguage":"de-DE"}]}},"_links":{"self":[{"href":"https:\/\/www.art-moves-europe.eu\/de\/wp-json\/wp\/v2\/pages\/2195","targetHints":{"allow":["GET"]}}],"collection":[{"href":"https:\/\/www.art-moves-europe.eu\/de\/wp-json\/wp\/v2\/pages"}],"about":[{"href":"https:\/\/www.art-moves-europe.eu\/de\/wp-json\/wp\/v2\/types\/page"}],"author":[{"embeddable":true,"href":"https:\/\/www.art-moves-europe.eu\/de\/wp-json\/wp\/v2\/users\/2"}],"replies":[{"embeddable":true,"href":"https:\/\/www.art-moves-europe.eu\/de\/wp-json\/wp\/v2\/comments?post=2195"}],"version-history":[{"count":3,"href":"https:\/\/www.art-moves-europe.eu\/de\/wp-json\/wp\/v2\/pages\/2195\/revisions"}],"predecessor-version":[{"id":2198,"href":"https:\/\/www.art-moves-europe.eu\/de\/wp-json\/wp\/v2\/pages\/2195\/revisions\/2198"}],"wp:attachment":[{"href":"https:\/\/www.art-moves-europe.eu\/de\/wp-json\/wp\/v2\/media?parent=2195"}],"curies":[{"name":"wp","href":"https:\/\/api.w.org\/{rel}","templated":true}]}}