{"id":2353,"date":"2021-04-02T10:07:55","date_gmt":"2021-04-02T08:07:55","guid":{"rendered":"https:\/\/www.art-moves-europe.eu\/de\/?page_id=2353"},"modified":"2021-08-27T14:35:57","modified_gmt":"2021-08-27T12:35:57","slug":"das-experiment","status":"publish","type":"page","link":"https:\/\/www.art-moves-europe.eu\/de\/das-experiment\/","title":{"rendered":"Das Experiment"},"content":{"rendered":"<p><img loading=\"lazy\" decoding=\"async\" class=\"alignnone size-medium wp-image-2654\" src=\"https:\/\/www.art-moves-europe.eu\/wp-content\/uploads\/2021\/07\/In-vielfalt-vereint-Figur-14-300x288.jpeg\" alt=\"\" width=\"300\" height=\"288\" srcset=\"https:\/\/www.art-moves-europe.eu\/wp-content\/uploads\/2021\/07\/In-vielfalt-vereint-Figur-14-300x288.jpeg 300w, https:\/\/www.art-moves-europe.eu\/wp-content\/uploads\/2021\/07\/In-vielfalt-vereint-Figur-14-1024x983.jpeg 1024w, https:\/\/www.art-moves-europe.eu\/wp-content\/uploads\/2021\/07\/In-vielfalt-vereint-Figur-14-768x738.jpeg 768w, https:\/\/www.art-moves-europe.eu\/wp-content\/uploads\/2021\/07\/In-vielfalt-vereint-Figur-14-1536x1475.jpeg 1536w, https:\/\/www.art-moves-europe.eu\/wp-content\/uploads\/2021\/07\/In-vielfalt-vereint-Figur-14.jpeg 1642w\" sizes=\"auto, (max-width: 300px) 100vw, 300px\" \/>Hier <a href=\"https:\/\/skfb.ly\/oou8V\" target=\"_blank\" rel=\"noopener\">klicken,<\/a> um den 3D Scan zu sehen<\/p>\n<p><img loading=\"lazy\" decoding=\"async\" class=\"alignnone size-medium wp-image-2337\" src=\"https:\/\/www.art-moves-europe.eu\/wp-content\/uploads\/2021\/03\/DAS-EXPERIMENT_TITEL_2S-300x200.jpg\" alt=\"\" width=\"300\" height=\"200\" srcset=\"https:\/\/www.art-moves-europe.eu\/wp-content\/uploads\/2021\/03\/DAS-EXPERIMENT_TITEL_2S-300x200.jpg 300w, https:\/\/www.art-moves-europe.eu\/wp-content\/uploads\/2021\/03\/DAS-EXPERIMENT_TITEL_2S-120x80.jpg 120w, https:\/\/www.art-moves-europe.eu\/wp-content\/uploads\/2021\/03\/DAS-EXPERIMENT_TITEL_2S-360x240.jpg 360w, https:\/\/www.art-moves-europe.eu\/wp-content\/uploads\/2021\/03\/DAS-EXPERIMENT_TITEL_2S-600x400.jpg 600w, https:\/\/www.art-moves-europe.eu\/wp-content\/uploads\/2021\/03\/DAS-EXPERIMENT_TITEL_2S.jpg 693w\" sizes=\"auto, (max-width: 300px) 100vw, 300px\" \/> <a href=\"https:\/\/youtu.be\/RndklZxmS9s\" target=\"_blank\" rel=\"noopener\">Hier das Video anschauen<\/a><\/p>\n<figure class=\"wp-block-embed wp-block-embed-youtube is-type-video is-provider-youtube epyt-figure\"><div class=\"wp-block-embed__wrapper\"><iframe loading=\"lazy\"  id=\"_ytid_53208\"  width=\"840\" height=\"473\"  data-origwidth=\"840\" data-origheight=\"473\" src=\"https:\/\/www.youtube.com\/embed\/c7U1oSQyXLM?enablejsapi=1&autoplay=0&cc_load_policy=0&cc_lang_pref=&iv_load_policy=1&loop=0&rel=1&fs=1&playsinline=0&autohide=2&theme=dark&color=red&controls=1&disablekb=0&\" class=\"__youtube_prefs__  no-lazyload\" title=\"YouTube player\"  allow=\"fullscreen; accelerometer; autoplay; clipboard-write; encrypted-media; gyroscope; picture-in-picture; web-share\" referrerpolicy=\"strict-origin-when-cross-origin\" allowfullscreen data-no-lazy=\"1\" data-skipgform_ajax_framebjll=\"\"><\/iframe><\/div><\/figure>\n<p><script type=\"text\/javascript\" src=\"https:\/\/aachener-bank.viele-schaffen-mehr.de\/js\/widgets.js\"><\/script><\/p>\n<p><strong>Das Experiment. <\/strong><\/p>\n<p>Art moves Europe e.V. hat eine grenzenlose &#8222;Europ\u00e4ische Skulptur&#8220; erschaffen.<\/p>\n<p>&#8222;In Vielfalt vereint&#8220; ist Motto der EU, das die \u00dcberzeugung beschreibt in einer vielf\u00e4ltigen Gesellschaft nicht nur nebeneinander sondern miteinander erfolgreich leben zu k\u00f6nnen.<\/p>\n<p><strong>Doch wie ernst ist es uns mit der Europ\u00e4ischen Idee, wenn wir einen Teil unserer eigenen Idee daf\u00fcr aufgeben m\u00fcssen?<\/strong><\/p>\n<p>In diesem innovativen Kunstexperiment arbeiten 7 Bildhauer*innen an ein und demselben Stein, mit der Aufgabe sich gestalterisch einzubringen und der gleichzeitigen Bereitschaft die eigene Arbeit einzubringen ohne die Garantie, dass sie in genau dieser Form erhalten bleibt. Das Experiment geht bewusst an pers\u00f6nliche Grenzen und will den Prozess vom &#8222;<strong>Ego&#8220; zum &#8222;wir&#8220;, vom Nebeneinander zum Miteinander<\/strong> sichtbar machen und dokumentieren.<\/p>\n<p>Jeder K\u00fcnstler*in erh\u00e4lt alle Freiheiten, auch das \u00dcberarbeiten der Arbeiten seiner Kolleg*innen, um die Gestaltung der Skulptur optimal mit den eigenen Talenten weiter zu entwickeln.<\/p>\n<p>Es geht in diesem Projekt nicht darum der Skulptur &#8222;seinen pers\u00f6nlichen Stempel aufzudr\u00fccken&#8220; sondern gesamtheitlich zu denken und zu handeln um ein eigenst\u00e4ndiges Gemeinschafts-Werk zu erschaffen, was seine eigene Sprache aus der Vielfalt heraus entwickelt.<\/p>\n<p><strong>Wir wollen sinnbildlich f\u00fcr Europa herausfinden und sichtbar machen, wie der Prozess vom &#8222;Ego&#8220; zum &#8222;Wir&#8220; m\u00f6glich ist. <\/strong><\/p>\n<p><strong>Dabei interessieren uns folgende spannenden Fragen besonders.<\/strong><\/p>\n<p><em>Was macht diese Art eines Gemeinschaftsprojektes mit dem einzelnen K\u00fcnstler\/in?<\/em><\/p>\n<p><em>Wie schwer ist es, die eigene Arbeit im Sinne des Projektes zur Disposition zu stellen?<\/em><\/p>\n<p><em>Wie sehr beeinflusst das Wissen \u00fcber die Rahmenbedingungen das eigene Handeln?<\/em><\/p>\n<p><em>Entsteht eine \u201eWir-Identit\u00e4t\u201c und ist die fertige Kunst auf dem Kunstmarkt konkurrenzf\u00e4hig?<\/em><\/p>\n<p>Diese Fragestellungen werden wir in einer <strong>Videodokumentation<\/strong> thematisieren und der \u00d6ffentlichkeit u.a auf unserer Website<strong> <a href=\"http:\/\/www.art-moves-europe.eu\/\">www.art-moves-europe.eu<\/a> <\/strong>zur Verf\u00fcgung stellen.<\/p>\n<p>Spannend? Dann lest den kompletten Artikel \u00fcber das Projekt mit faszinierenden Einblicken in die Gedankenwelt der K\u00fcnstler und den Transfer der Erfahrungen dieses Projektes auf die Gestaltung der Zukunft Europas.<\/p>\n<p>&nbsp;<\/p>\n<a href=\"https:\/\/www.art-moves-europe.eu\/wp-content\/uploads\/2021\/07\/Das-Experiment-Essay-final-erweitert-1.pdf\" class=\"pdfemb-viewer\" style=\"width:600px;\" data-width=\"600\" data-height=\"max\" data-toolbar=\"bottom\" data-toolbar-fixed=\"on\">Das Experiment Essay final erweitert<\/a>\n<p><a href=\"https:\/\/pdfhost.io\/edit?doc=a278663c-8b05-4ffd-8fc0-364038914901\" target=\"_blank\" rel=\"noopener\">PDF downlaod vom Essay<\/a><\/p>\n<p><iframe loading=\"lazy\"  id=\"_ytid_41864\"  width=\"840\" height=\"473\"  data-origwidth=\"840\" data-origheight=\"473\" src=\"https:\/\/www.youtube.com\/embed\/dwXC-CglOUc?enablejsapi=1&#038;autoplay=0&#038;cc_load_policy=0&#038;cc_lang_pref=&#038;iv_load_policy=1&#038;loop=0&#038;rel=1&#038;fs=1&#038;playsinline=0&#038;autohide=2&#038;theme=dark&#038;color=red&#038;controls=1&#038;disablekb=0&#038;\" class=\"__youtube_prefs__  epyt-is-override  no-lazyload\" title=\"YouTube player\"  allow=\"fullscreen; accelerometer; autoplay; clipboard-write; encrypted-media; gyroscope; picture-in-picture; web-share\" referrerpolicy=\"strict-origin-when-cross-origin\" allowfullscreen data-no-lazy=\"1\" data-skipgform_ajax_framebjll=\"\"><\/iframe><\/p>\n<p>&nbsp;<\/p>\n<p>&nbsp;<\/p>\n<p>&nbsp;<\/p>\n<p>&nbsp;<\/p>\n","protected":false},"excerpt":{"rendered":"<p>Hier klicken, um den 3D Scan zu sehen Hier das Video anschauen Das Experiment. Art moves Europe e.V. hat eine[&#8230;]<\/p>\n","protected":false},"author":2,"featured_media":0,"parent":0,"menu_order":0,"comment_status":"closed","ping_status":"closed","template":"","meta":{"ngg_post_thumbnail":0,"footnotes":""},"class_list":["post-2353","page","type-page","status-publish","hentry"],"yoast_head":"<!-- This site is optimized with the Yoast SEO plugin v27.5 - https:\/\/yoast.com\/product\/yoast-seo-wordpress\/ -->\n<title>Das Experiment<\/title>\n<meta name=\"robots\" content=\"index, follow, max-snippet:-1, max-image-preview:large, max-video-preview:-1\" \/>\n<link rel=\"canonical\" href=\"https:\/\/www.art-moves-europe.eu\/de\/das-experiment\/\" \/>\n<meta property=\"og:locale\" content=\"de_DE\" \/>\n<meta property=\"og:locale:alternate\" content=\"en_US\" \/>\n<meta property=\"og:type\" content=\"article\" \/>\n<meta property=\"og:title\" content=\"Das Experiment\" \/>\n<meta property=\"og:description\" content=\"Hier klicken, um den 3D Scan zu sehen Hier das Video anschauen Das Experiment. Art moves Europe e.V. hat eine[...]\" \/>\n<meta property=\"og:url\" content=\"https:\/\/www.art-moves-europe.eu\/de\/das-experiment\/\" \/>\n<meta property=\"og:site_name\" content=\"ART MOVES EUROPE e.V.\" \/>\n<meta property=\"article:modified_time\" content=\"2021-08-27T12:35:57+00:00\" \/>\n<meta property=\"og:image\" content=\"https:\/\/www.art-moves-europe.eu\/wp-content\/uploads\/2021\/07\/In-vielfalt-vereint-Figur-14-300x288.jpeg\" \/>\n<meta name=\"twitter:card\" content=\"summary_large_image\" \/>\n<meta name=\"twitter:label1\" content=\"Gesch\u00e4tzte Lesezeit\" \/>\n\t<meta name=\"twitter:data1\" content=\"2\u00a0Minuten\" \/>\n<script type=\"application\/ld+json\" class=\"yoast-schema-graph\">{\"@context\":\"https:\\\/\\\/schema.org\",\"@graph\":[{\"@type\":\"WebPage\",\"@id\":\"https:\\\/\\\/www.art-moves-europe.eu\\\/das-experiment\\\/\",\"url\":\"https:\\\/\\\/www.art-moves-europe.eu\\\/das-experiment\\\/\",\"name\":\"Das Experiment\",\"isPartOf\":{\"@id\":\"https:\\\/\\\/www.art-moves-europe.eu\\\/#website\"},\"primaryImageOfPage\":{\"@id\":\"https:\\\/\\\/www.art-moves-europe.eu\\\/das-experiment\\\/#primaryimage\"},\"image\":{\"@id\":\"https:\\\/\\\/www.art-moves-europe.eu\\\/das-experiment\\\/#primaryimage\"},\"thumbnailUrl\":\"https:\\\/\\\/www.art-moves-europe.eu\\\/wp-content\\\/uploads\\\/2021\\\/07\\\/In-vielfalt-vereint-Figur-14-300x288.jpeg\",\"datePublished\":\"2021-04-02T08:07:55+00:00\",\"dateModified\":\"2021-08-27T12:35:57+00:00\",\"breadcrumb\":{\"@id\":\"https:\\\/\\\/www.art-moves-europe.eu\\\/das-experiment\\\/#breadcrumb\"},\"inLanguage\":\"de-DE\",\"potentialAction\":[{\"@type\":\"ReadAction\",\"target\":[\"https:\\\/\\\/www.art-moves-europe.eu\\\/das-experiment\\\/\"]}]},{\"@type\":\"ImageObject\",\"inLanguage\":\"de-DE\",\"@id\":\"https:\\\/\\\/www.art-moves-europe.eu\\\/das-experiment\\\/#primaryimage\",\"url\":\"https:\\\/\\\/www.art-moves-europe.eu\\\/wp-content\\\/uploads\\\/2021\\\/07\\\/In-vielfalt-vereint-Figur-14-300x288.jpeg\",\"contentUrl\":\"https:\\\/\\\/www.art-moves-europe.eu\\\/wp-content\\\/uploads\\\/2021\\\/07\\\/In-vielfalt-vereint-Figur-14-300x288.jpeg\"},{\"@type\":\"BreadcrumbList\",\"@id\":\"https:\\\/\\\/www.art-moves-europe.eu\\\/das-experiment\\\/#breadcrumb\",\"itemListElement\":[{\"@type\":\"ListItem\",\"position\":1,\"name\":\"Startseite\",\"item\":\"https:\\\/\\\/www.art-moves-europe.eu\\\/\"},{\"@type\":\"ListItem\",\"position\":2,\"name\":\"The Experiment\"}]},{\"@type\":\"WebSite\",\"@id\":\"https:\\\/\\\/www.art-moves-europe.eu\\\/#website\",\"url\":\"https:\\\/\\\/www.art-moves-europe.eu\\\/\",\"name\":\"ART MOVES EUROPE e.V.\",\"description\":\"\",\"potentialAction\":[{\"@type\":\"SearchAction\",\"target\":{\"@type\":\"EntryPoint\",\"urlTemplate\":\"https:\\\/\\\/www.art-moves-europe.eu\\\/?s={search_term_string}\"},\"query-input\":{\"@type\":\"PropertyValueSpecification\",\"valueRequired\":true,\"valueName\":\"search_term_string\"}}],\"inLanguage\":\"de-DE\"}]}<\/script>\n<!-- \/ Yoast SEO plugin. -->","yoast_head_json":{"title":"Das Experiment","robots":{"index":"index","follow":"follow","max-snippet":"max-snippet:-1","max-image-preview":"max-image-preview:large","max-video-preview":"max-video-preview:-1"},"canonical":"https:\/\/www.art-moves-europe.eu\/de\/das-experiment\/","og_locale":"de_DE","og_type":"article","og_title":"[:en]The Experiment[:de]Das Experiment[:] - ART MOVES EUROPE e.V.","og_description":"Hier klicken, um den 3D Scan zu sehen Hier das Video anschauen Das Experiment. Art moves Europe e.V. hat eine[...]","og_url":"https:\/\/www.art-moves-europe.eu\/de\/das-experiment\/","og_site_name":"ART MOVES EUROPE e.V.","article_modified_time":"2021-08-27T12:35:57+00:00","og_image":[{"url":"https:\/\/www.art-moves-europe.eu\/wp-content\/uploads\/2021\/07\/In-vielfalt-vereint-Figur-14-300x288.jpeg","type":"","width":"","height":""}],"twitter_card":"summary_large_image","twitter_misc":{"Gesch\u00e4tzte Lesezeit":"2\u00a0Minuten"},"schema":{"@context":"https:\/\/schema.org","@graph":[{"@type":"WebPage","@id":"https:\/\/www.art-moves-europe.eu\/das-experiment\/","url":"https:\/\/www.art-moves-europe.eu\/das-experiment\/","name":"Das Experiment","isPartOf":{"@id":"https:\/\/www.art-moves-europe.eu\/#website"},"primaryImageOfPage":{"@id":"https:\/\/www.art-moves-europe.eu\/das-experiment\/#primaryimage"},"image":{"@id":"https:\/\/www.art-moves-europe.eu\/das-experiment\/#primaryimage"},"thumbnailUrl":"https:\/\/www.art-moves-europe.eu\/wp-content\/uploads\/2021\/07\/In-vielfalt-vereint-Figur-14-300x288.jpeg","datePublished":"2021-04-02T08:07:55+00:00","dateModified":"2021-08-27T12:35:57+00:00","breadcrumb":{"@id":"https:\/\/www.art-moves-europe.eu\/das-experiment\/#breadcrumb"},"inLanguage":"de-DE","potentialAction":[{"@type":"ReadAction","target":["https:\/\/www.art-moves-europe.eu\/das-experiment\/"]}]},{"@type":"ImageObject","inLanguage":"de-DE","@id":"https:\/\/www.art-moves-europe.eu\/das-experiment\/#primaryimage","url":"https:\/\/www.art-moves-europe.eu\/wp-content\/uploads\/2021\/07\/In-vielfalt-vereint-Figur-14-300x288.jpeg","contentUrl":"https:\/\/www.art-moves-europe.eu\/wp-content\/uploads\/2021\/07\/In-vielfalt-vereint-Figur-14-300x288.jpeg"},{"@type":"BreadcrumbList","@id":"https:\/\/www.art-moves-europe.eu\/das-experiment\/#breadcrumb","itemListElement":[{"@type":"ListItem","position":1,"name":"Startseite","item":"https:\/\/www.art-moves-europe.eu\/"},{"@type":"ListItem","position":2,"name":"The Experiment"}]},{"@type":"WebSite","@id":"https:\/\/www.art-moves-europe.eu\/#website","url":"https:\/\/www.art-moves-europe.eu\/","name":"ART MOVES EUROPE e.V.","description":"","potentialAction":[{"@type":"SearchAction","target":{"@type":"EntryPoint","urlTemplate":"https:\/\/www.art-moves-europe.eu\/?s={search_term_string}"},"query-input":{"@type":"PropertyValueSpecification","valueRequired":true,"valueName":"search_term_string"}}],"inLanguage":"de-DE"}]}},"_links":{"self":[{"href":"https:\/\/www.art-moves-europe.eu\/de\/wp-json\/wp\/v2\/pages\/2353","targetHints":{"allow":["GET"]}}],"collection":[{"href":"https:\/\/www.art-moves-europe.eu\/de\/wp-json\/wp\/v2\/pages"}],"about":[{"href":"https:\/\/www.art-moves-europe.eu\/de\/wp-json\/wp\/v2\/types\/page"}],"author":[{"embeddable":true,"href":"https:\/\/www.art-moves-europe.eu\/de\/wp-json\/wp\/v2\/users\/2"}],"replies":[{"embeddable":true,"href":"https:\/\/www.art-moves-europe.eu\/de\/wp-json\/wp\/v2\/comments?post=2353"}],"version-history":[{"count":27,"href":"https:\/\/www.art-moves-europe.eu\/de\/wp-json\/wp\/v2\/pages\/2353\/revisions"}],"predecessor-version":[{"id":2693,"href":"https:\/\/www.art-moves-europe.eu\/de\/wp-json\/wp\/v2\/pages\/2353\/revisions\/2693"}],"wp:attachment":[{"href":"https:\/\/www.art-moves-europe.eu\/de\/wp-json\/wp\/v2\/media?parent=2353"}],"curies":[{"name":"wp","href":"https:\/\/api.w.org\/{rel}","templated":true}]}}