{"id":2395,"date":"2021-04-08T08:37:01","date_gmt":"2021-04-08T06:37:01","guid":{"rendered":"https:\/\/www.art-moves-europe.eu\/de\/?page_id=2395"},"modified":"2022-04-02T16:51:09","modified_gmt":"2022-04-02T14:51:09","slug":"mein-stoff-bilder","status":"publish","type":"page","link":"https:\/\/www.art-moves-europe.eu\/de\/mein-stoff-bilder\/","title":{"rendered":"&#8222;Mein Stoff f\u00fcr Europa&#8220;"},"content":{"rendered":"<p>Mein Stoff f\u00fcr Europa ist eine Aktion initiiert von Ursula Mevissen, bei der sie eingeladen hat einen 50&#215;50 cm gro\u00dfen Stoff zum Thema Europa zu gestalten. Die beteiligten K\u00fcnstlerinnen und K\u00fcnstler haben dies Stoffe gestaltet und dann an die Initiatoren geschickt. Dies hat dann eine Patchwork &#8211; Arbeit der Gr\u00f6\u00dfe 200x200cm daraus gestaltet.<\/p>\n<p>Klicke auf das einzelne Bild um mehr dar\u00fcber zu erfahren<\/p>\n<p>&nbsp;<\/p>\n<table style=\"border-collapse: collapse; width: 100%; height: 767px;\">\n<tbody>\n<tr style=\"height: 197px;\">\n<td style=\"width: 25%; height: 197px;\"><a href=\"https:\/\/www.art-moves-europe.eu\/de\/birgit-stelzen\/\" target=\"_blank\" rel=\"noopener\"><img loading=\"lazy\" decoding=\"async\" class=\"alignnone size-medium wp-image-2608\" src=\"https:\/\/www.art-moves-europe.eu\/wp-content\/uploads\/2021\/06\/980b849b-4ec5-4b06-9b41-38e39d589450-287x300.jpg\" alt=\"\" width=\"287\" height=\"300\" srcset=\"https:\/\/www.art-moves-europe.eu\/wp-content\/uploads\/2021\/06\/980b849b-4ec5-4b06-9b41-38e39d589450-287x300.jpg 287w, https:\/\/www.art-moves-europe.eu\/wp-content\/uploads\/2021\/06\/980b849b-4ec5-4b06-9b41-38e39d589450-979x1024.jpg 979w, https:\/\/www.art-moves-europe.eu\/wp-content\/uploads\/2021\/06\/980b849b-4ec5-4b06-9b41-38e39d589450-768x803.jpg 768w, https:\/\/www.art-moves-europe.eu\/wp-content\/uploads\/2021\/06\/980b849b-4ec5-4b06-9b41-38e39d589450-1469x1536.jpg 1469w, https:\/\/www.art-moves-europe.eu\/wp-content\/uploads\/2021\/06\/980b849b-4ec5-4b06-9b41-38e39d589450.jpg 1530w\" sizes=\"auto, (max-width: 287px) 100vw, 287px\" \/><\/a><\/td>\n<td style=\"width: 25%; height: 197px;\"><a href=\"https:\/\/www.art-moves-europe.eu\/de\/ursula-mevissen-2\" target=\"_blank\" rel=\"noopener\"><img loading=\"lazy\" decoding=\"async\" class=\"alignnone size-medium wp-image-2486\" src=\"https:\/\/www.art-moves-europe.eu\/wp-content\/uploads\/2021\/04\/Europa-Ordne-dich-Ulla-500-300x300.jpg\" alt=\"\" width=\"300\" height=\"300\" srcset=\"https:\/\/www.art-moves-europe.eu\/wp-content\/uploads\/2021\/04\/Europa-Ordne-dich-Ulla-500-300x300.jpg 300w, https:\/\/www.art-moves-europe.eu\/wp-content\/uploads\/2021\/04\/Europa-Ordne-dich-Ulla-500-150x150.jpg 150w, https:\/\/www.art-moves-europe.eu\/wp-content\/uploads\/2021\/04\/Europa-Ordne-dich-Ulla-500.jpg 500w\" sizes=\"auto, (max-width: 300px) 100vw, 300px\" \/><\/a><\/td>\n<td style=\"width: 25%; height: 197px;\"><a href=\"https:\/\/www.art-moves-europe.eu\/de\/ursula-mevissen-2\/\" target=\"_blank\" rel=\"noopener\"><img loading=\"lazy\" decoding=\"async\" class=\"alignnone size-medium wp-image-2485\" src=\"https:\/\/www.art-moves-europe.eu\/wp-content\/uploads\/2021\/04\/Europa-Ulla-500-300x300.jpg\" alt=\"\" width=\"300\" height=\"300\" srcset=\"https:\/\/www.art-moves-europe.eu\/wp-content\/uploads\/2021\/04\/Europa-Ulla-500-300x300.jpg 300w, https:\/\/www.art-moves-europe.eu\/wp-content\/uploads\/2021\/04\/Europa-Ulla-500-150x150.jpg 150w, https:\/\/www.art-moves-europe.eu\/wp-content\/uploads\/2021\/04\/Europa-Ulla-500.jpg 500w\" sizes=\"auto, (max-width: 300px) 100vw, 300px\" \/><\/a><\/td>\n<td style=\"width: 25%; height: 197px;\"><a href=\"https:\/\/www.art-moves-europe.eu\/de\/ursula-mevissen-2\/\" target=\"_blank\" rel=\"noopener\"><img loading=\"lazy\" decoding=\"async\" class=\"alignnone size-medium wp-image-2933\" src=\"https:\/\/www.art-moves-europe.eu\/wp-content\/uploads\/2022\/04\/IMG_9349-scaled-e1648898773571-295x300.jpeg\" alt=\"\" width=\"295\" height=\"300\" srcset=\"https:\/\/www.art-moves-europe.eu\/wp-content\/uploads\/2022\/04\/IMG_9349-scaled-e1648898773571-295x300.jpeg 295w, https:\/\/www.art-moves-europe.eu\/wp-content\/uploads\/2022\/04\/IMG_9349-scaled-e1648898773571.jpeg 500w\" sizes=\"auto, (max-width: 295px) 100vw, 295px\" \/><\/a><\/td>\n<\/tr>\n<tr style=\"height: 189px;\">\n<td style=\"width: 25%; height: 189px;\"><a href=\"https:\/\/www.art-moves-europe.eu\/de\/stoff-von-simone-carole-levi\/\" target=\"_blank\" rel=\"noopener\"><img loading=\"lazy\" decoding=\"async\" class=\"alignnone size-medium wp-image-2555\" src=\"https:\/\/www.art-moves-europe.eu\/wp-content\/uploads\/2021\/05\/Simones-Stoff-300x300.jpg\" alt=\"\" width=\"300\" height=\"300\" srcset=\"https:\/\/www.art-moves-europe.eu\/wp-content\/uploads\/2021\/05\/Simones-Stoff-300x300.jpg 300w, https:\/\/www.art-moves-europe.eu\/wp-content\/uploads\/2021\/05\/Simones-Stoff-1024x1024.jpg 1024w, https:\/\/www.art-moves-europe.eu\/wp-content\/uploads\/2021\/05\/Simones-Stoff-150x150.jpg 150w, https:\/\/www.art-moves-europe.eu\/wp-content\/uploads\/2021\/05\/Simones-Stoff-768x768.jpg 768w, https:\/\/www.art-moves-europe.eu\/wp-content\/uploads\/2021\/05\/Simones-Stoff.jpg 1404w\" sizes=\"auto, (max-width: 300px) 100vw, 300px\" \/><\/a><\/td>\n<td style=\"width: 25%; height: 189px;\"><a href=\"https:\/\/www.art-moves-europe.eu\/de\/lena-denneng\/\" target=\"_blank\" rel=\"noopener\"><img loading=\"lazy\" decoding=\"async\" class=\"alignnone size-medium wp-image-2867\" src=\"https:\/\/www.art-moves-europe.eu\/wp-content\/uploads\/2022\/01\/IMG_9257-300x300.jpeg\" alt=\"\" width=\"300\" height=\"300\" srcset=\"https:\/\/www.art-moves-europe.eu\/wp-content\/uploads\/2022\/01\/IMG_9257-300x300.jpeg 300w, https:\/\/www.art-moves-europe.eu\/wp-content\/uploads\/2022\/01\/IMG_9257-1024x1024.jpeg 1024w, https:\/\/www.art-moves-europe.eu\/wp-content\/uploads\/2022\/01\/IMG_9257-150x150.jpeg 150w, https:\/\/www.art-moves-europe.eu\/wp-content\/uploads\/2022\/01\/IMG_9257-768x768.jpeg 768w, https:\/\/www.art-moves-europe.eu\/wp-content\/uploads\/2022\/01\/IMG_9257-1536x1536.jpeg 1536w, https:\/\/www.art-moves-europe.eu\/wp-content\/uploads\/2022\/01\/IMG_9257-2048x2048.jpeg 2048w\" sizes=\"auto, (max-width: 300px) 100vw, 300px\" \/><\/a><\/td>\n<td style=\"width: 25%; height: 189px;\"><span id=\"sample-permalink\"><\/span><a href=\"https:\/\/www.art-moves-europe.eu\/de\/firouzeh-goergen-ossouli\/\" target=\"_blank\" rel=\"noopener\"><img loading=\"lazy\" decoding=\"async\" class=\"alignnone size-medium wp-image-2625\" src=\"https:\/\/www.art-moves-europe.eu\/wp-content\/uploads\/2021\/06\/Beitragsbild-Firouzeh-300x300.jpg\" alt=\"\" width=\"300\" height=\"300\" srcset=\"https:\/\/www.art-moves-europe.eu\/wp-content\/uploads\/2021\/06\/Beitragsbild-Firouzeh-300x300.jpg 300w, https:\/\/www.art-moves-europe.eu\/wp-content\/uploads\/2021\/06\/Beitragsbild-Firouzeh-150x150.jpg 150w, https:\/\/www.art-moves-europe.eu\/wp-content\/uploads\/2021\/06\/Beitragsbild-Firouzeh.jpg 500w\" sizes=\"auto, (max-width: 300px) 100vw, 300px\" \/><\/a><\/td>\n<td style=\"width: 25%; height: 189px;\"><a href=\"https:\/\/www.art-moves-europe.eu\/de\/gudrun-baldus\/\" target=\"_blank\" rel=\"noopener\"><img loading=\"lazy\" decoding=\"async\" class=\"alignnone size-medium wp-image-2868\" src=\"https:\/\/www.art-moves-europe.eu\/wp-content\/uploads\/2022\/01\/IMG_9258-300x300.jpeg\" alt=\"\" width=\"300\" height=\"300\" srcset=\"https:\/\/www.art-moves-europe.eu\/wp-content\/uploads\/2022\/01\/IMG_9258-300x300.jpeg 300w, https:\/\/www.art-moves-europe.eu\/wp-content\/uploads\/2022\/01\/IMG_9258-1024x1024.jpeg 1024w, https:\/\/www.art-moves-europe.eu\/wp-content\/uploads\/2022\/01\/IMG_9258-150x150.jpeg 150w, https:\/\/www.art-moves-europe.eu\/wp-content\/uploads\/2022\/01\/IMG_9258-768x768.jpeg 768w, https:\/\/www.art-moves-europe.eu\/wp-content\/uploads\/2022\/01\/IMG_9258-1536x1536.jpeg 1536w, https:\/\/www.art-moves-europe.eu\/wp-content\/uploads\/2022\/01\/IMG_9258-2048x2048.jpeg 2048w\" sizes=\"auto, (max-width: 300px) 100vw, 300px\" \/><\/a><\/td>\n<\/tr>\n<tr style=\"height: 189px;\">\n<td style=\"width: 25%; height: 189px;\"><a href=\"https:\/\/www.art-moves-europe.eu\/de\/alfred-mevissen-stoff-fuer-europa\/\" target=\"_blank\" rel=\"noopener\"><img loading=\"lazy\" decoding=\"async\" class=\"alignnone size-medium wp-image-2864\" src=\"https:\/\/www.art-moves-europe.eu\/wp-content\/uploads\/2022\/01\/IMG_9255-300x300.jpeg\" alt=\"\" width=\"300\" height=\"300\" srcset=\"https:\/\/www.art-moves-europe.eu\/wp-content\/uploads\/2022\/01\/IMG_9255-300x300.jpeg 300w, https:\/\/www.art-moves-europe.eu\/wp-content\/uploads\/2022\/01\/IMG_9255-1024x1024.jpeg 1024w, https:\/\/www.art-moves-europe.eu\/wp-content\/uploads\/2022\/01\/IMG_9255-150x150.jpeg 150w, https:\/\/www.art-moves-europe.eu\/wp-content\/uploads\/2022\/01\/IMG_9255-768x768.jpeg 768w, https:\/\/www.art-moves-europe.eu\/wp-content\/uploads\/2022\/01\/IMG_9255-1536x1536.jpeg 1536w, https:\/\/www.art-moves-europe.eu\/wp-content\/uploads\/2022\/01\/IMG_9255-2048x2048.jpeg 2048w\" sizes=\"auto, (max-width: 300px) 100vw, 300px\" \/><\/a><\/td>\n<td style=\"width: 25%; height: 189px;\"><a href=\"https:\/\/www.art-moves-europe.eu\/alajin-omar\/\" target=\"_blank\" rel=\"noopener\"><img loading=\"lazy\" decoding=\"async\" class=\"alignnone size-medium wp-image-2934\" src=\"https:\/\/www.art-moves-europe.eu\/wp-content\/uploads\/2022\/04\/IMG_9350-scaled-e1648898589435-300x283.jpeg\" alt=\"\" width=\"300\" height=\"283\"><\/a><\/td>\n<td style=\"width: 25%; height: 189px;\"><a href=\"https:\/\/www.art-moves-europe.eu\/de\/anna-bakow\/\" target=\"_blank\" rel=\"noopener\"><img loading=\"lazy\" decoding=\"async\" class=\"alignnone size-medium wp-image-2658\" src=\"https:\/\/www.art-moves-europe.eu\/wp-content\/uploads\/2021\/07\/Stoff-Anna-Bakow-300x300.jpg\" alt=\"\" width=\"300\" height=\"300\" srcset=\"https:\/\/www.art-moves-europe.eu\/wp-content\/uploads\/2021\/07\/Stoff-Anna-Bakow-300x300.jpg 300w, https:\/\/www.art-moves-europe.eu\/wp-content\/uploads\/2021\/07\/Stoff-Anna-Bakow-150x150.jpg 150w, https:\/\/www.art-moves-europe.eu\/wp-content\/uploads\/2021\/07\/Stoff-Anna-Bakow.jpg 500w\" sizes=\"auto, (max-width: 300px) 100vw, 300px\" \/><\/a><\/td>\n<td style=\"width: 25%; height: 189px;\"><a href=\"https:\/\/www.art-moves-europe.eu\/de\/eraldo-nitogalia\/\" target=\"_blank\" rel=\"noopener\"><img loading=\"lazy\" decoding=\"async\" class=\"alignnone size-medium wp-image-2865\" src=\"https:\/\/www.art-moves-europe.eu\/wp-content\/uploads\/2022\/01\/IMG_9254-300x300.jpeg\" alt=\"\" width=\"300\" height=\"300\" srcset=\"https:\/\/www.art-moves-europe.eu\/wp-content\/uploads\/2022\/01\/IMG_9254-300x300.jpeg 300w, https:\/\/www.art-moves-europe.eu\/wp-content\/uploads\/2022\/01\/IMG_9254-1024x1024.jpeg 1024w, https:\/\/www.art-moves-europe.eu\/wp-content\/uploads\/2022\/01\/IMG_9254-150x150.jpeg 150w, https:\/\/www.art-moves-europe.eu\/wp-content\/uploads\/2022\/01\/IMG_9254-768x768.jpeg 768w, https:\/\/www.art-moves-europe.eu\/wp-content\/uploads\/2022\/01\/IMG_9254-1536x1536.jpeg 1536w, https:\/\/www.art-moves-europe.eu\/wp-content\/uploads\/2022\/01\/IMG_9254-2048x2048.jpeg 2048w\" sizes=\"auto, (max-width: 300px) 100vw, 300px\" \/><\/a><\/td>\n<\/tr>\n<tr style=\"height: 192px;\">\n<td style=\"width: 25%; height: 192px;\"><img loading=\"lazy\" decoding=\"async\" class=\"alignnone size-medium wp-image-2866\" src=\"https:\/\/www.art-moves-europe.eu\/wp-content\/uploads\/2022\/01\/IMG_9256-300x300.jpeg\" alt=\"\" width=\"300\" height=\"300\" srcset=\"https:\/\/www.art-moves-europe.eu\/wp-content\/uploads\/2022\/01\/IMG_9256-300x300.jpeg 300w, https:\/\/www.art-moves-europe.eu\/wp-content\/uploads\/2022\/01\/IMG_9256-1024x1024.jpeg 1024w, https:\/\/www.art-moves-europe.eu\/wp-content\/uploads\/2022\/01\/IMG_9256-150x150.jpeg 150w, https:\/\/www.art-moves-europe.eu\/wp-content\/uploads\/2022\/01\/IMG_9256-768x768.jpeg 768w, https:\/\/www.art-moves-europe.eu\/wp-content\/uploads\/2022\/01\/IMG_9256-1536x1536.jpeg 1536w, https:\/\/www.art-moves-europe.eu\/wp-content\/uploads\/2022\/01\/IMG_9256-2048x2048.jpeg 2048w\" sizes=\"auto, (max-width: 300px) 100vw, 300px\" \/><\/td>\n<td style=\"width: 25%; height: 192px;\"><a href=\"https:\/\/www.art-moves-europe.eu\/de\/gabriele-hartmanns\/\" target=\"_blank\" rel=\"noopener\"><img loading=\"lazy\" decoding=\"async\" class=\"alignnone size-medium wp-image-2566\" src=\"https:\/\/www.art-moves-europe.eu\/wp-content\/uploads\/2021\/05\/Stoff-Gabriele-Hartmanns-e1620543025338-300x300.jpg\" alt=\"\" width=\"300\" height=\"300\" srcset=\"https:\/\/www.art-moves-europe.eu\/wp-content\/uploads\/2021\/05\/Stoff-Gabriele-Hartmanns-e1620543025338-300x300.jpg 300w, https:\/\/www.art-moves-europe.eu\/wp-content\/uploads\/2021\/05\/Stoff-Gabriele-Hartmanns-e1620543025338-150x150.jpg 150w, https:\/\/www.art-moves-europe.eu\/wp-content\/uploads\/2021\/05\/Stoff-Gabriele-Hartmanns-e1620543025338.jpg 500w\" sizes=\"auto, (max-width: 300px) 100vw, 300px\" \/><\/a><\/td>\n<td style=\"width: 25%; height: 192px;\"><a href=\"https:\/\/www.art-moves-europe.eu\/de\/michaela-lawtoo-my-textile\/\" target=\"_blank\" rel=\"noopener\"><img loading=\"lazy\" decoding=\"async\" class=\"alignnone size-medium wp-image-2598\" src=\"https:\/\/www.art-moves-europe.eu\/wp-content\/uploads\/2021\/05\/Michaela-300x282.jpeg\" alt=\"\" width=\"300\" height=\"282\" srcset=\"https:\/\/www.art-moves-europe.eu\/wp-content\/uploads\/2021\/05\/Michaela-300x282.jpeg 300w, https:\/\/www.art-moves-europe.eu\/wp-content\/uploads\/2021\/05\/Michaela.jpeg 510w\" sizes=\"auto, (max-width: 300px) 100vw, 300px\" \/><\/a><\/td>\n<td style=\"width: 25%; height: 192px;\"><a href=\"https:\/\/www.art-moves-europe.eu\/de\/michaela-lawtoo-my-textile\/\" target=\"_blank\" rel=\"noopener\"><img loading=\"lazy\" decoding=\"async\" class=\"alignnone size-medium wp-image-2597\" src=\"https:\/\/www.art-moves-europe.eu\/wp-content\/uploads\/2021\/05\/Michaela-2-300x284.jpeg\" alt=\"\" width=\"300\" height=\"284\" srcset=\"https:\/\/www.art-moves-europe.eu\/wp-content\/uploads\/2021\/05\/Michaela-2-300x284.jpeg 300w, https:\/\/www.art-moves-europe.eu\/wp-content\/uploads\/2021\/05\/Michaela-2.jpeg 508w\" sizes=\"auto, (max-width: 300px) 100vw, 300px\" \/><\/a><\/td>\n<\/tr>\n<\/tbody>\n<\/table>\n<p>Die fertige Patchwork-Arbeit<\/p>\n<p><img loading=\"lazy\" decoding=\"async\" class=\"alignnone size-medium wp-image-2973\" src=\"https:\/\/www.art-moves-europe.eu\/wp-content\/uploads\/2022\/04\/IMG_9520-300x295.jpeg\" alt=\"\" width=\"300\" height=\"295\" srcset=\"https:\/\/www.art-moves-europe.eu\/wp-content\/uploads\/2022\/04\/IMG_9520-300x295.jpeg 300w, https:\/\/www.art-moves-europe.eu\/wp-content\/uploads\/2022\/04\/IMG_9520-1024x1005.jpeg 1024w, https:\/\/www.art-moves-europe.eu\/wp-content\/uploads\/2022\/04\/IMG_9520-768x754.jpeg 768w, https:\/\/www.art-moves-europe.eu\/wp-content\/uploads\/2022\/04\/IMG_9520-1536x1508.jpeg 1536w, https:\/\/www.art-moves-europe.eu\/wp-content\/uploads\/2022\/04\/IMG_9520-2048x2011.jpeg 2048w\" sizes=\"auto, (max-width: 300px) 100vw, 300px\" \/><\/p>\n","protected":false},"excerpt":{"rendered":"<p>Mein Stoff f\u00fcr Europa ist eine Aktion initiiert von Ursula Mevissen, bei der sie eingeladen hat einen 50&#215;50 cm gro\u00dfen[&#8230;]<\/p>\n","protected":false},"author":2,"featured_media":0,"parent":0,"menu_order":0,"comment_status":"closed","ping_status":"closed","template":"","meta":{"ngg_post_thumbnail":0,"footnotes":""},"class_list":["post-2395","page","type-page","status-publish","hentry"],"yoast_head":"<!-- This site is optimized with the Yoast SEO plugin v27.5 - https:\/\/yoast.com\/product\/yoast-seo-wordpress\/ -->\n<title>&quot;Mein Stoff f\u00fcr Europa&quot;<\/title>\n<meta name=\"robots\" content=\"index, follow, max-snippet:-1, max-image-preview:large, max-video-preview:-1\" \/>\n<link rel=\"canonical\" href=\"https:\/\/www.art-moves-europe.eu\/de\/mein-stoff-bilder\/\" \/>\n<meta property=\"og:locale\" content=\"de_DE\" \/>\n<meta property=\"og:locale:alternate\" content=\"en_US\" \/>\n<meta property=\"og:type\" content=\"article\" \/>\n<meta property=\"og:title\" content=\"&quot;Mein Stoff f\u00fcr Europa&quot;\" \/>\n<meta property=\"og:description\" content=\"Mein Stoff f\u00fcr Europa ist eine Aktion initiiert von Ursula Mevissen, bei der sie eingeladen hat einen 50&#215;50 cm gro\u00dfen[...]\" \/>\n<meta property=\"og:url\" content=\"https:\/\/www.art-moves-europe.eu\/de\/mein-stoff-bilder\/\" \/>\n<meta property=\"og:site_name\" content=\"ART MOVES EUROPE e.V.\" \/>\n<meta property=\"article:modified_time\" content=\"2022-04-02T14:51:09+00:00\" \/>\n<meta property=\"og:image\" content=\"https:\/\/www.art-moves-europe.eu\/wp-content\/uploads\/2021\/06\/980b849b-4ec5-4b06-9b41-38e39d589450-287x300.jpg\" \/>\n<meta name=\"twitter:card\" content=\"summary_large_image\" \/>\n<meta name=\"twitter:label1\" content=\"Gesch\u00e4tzte Lesezeit\" \/>\n\t<meta name=\"twitter:data1\" content=\"2\u00a0Minuten\" \/>\n<script type=\"application\/ld+json\" class=\"yoast-schema-graph\">{\"@context\":\"https:\\\/\\\/schema.org\",\"@graph\":[{\"@type\":\"WebPage\",\"@id\":\"https:\\\/\\\/www.art-moves-europe.eu\\\/de\\\/mein-stoff-bilder\\\/\",\"url\":\"https:\\\/\\\/www.art-moves-europe.eu\\\/de\\\/mein-stoff-bilder\\\/\",\"name\":\"\\\"Mein Stoff f\u00fcr Europa\\\"\",\"isPartOf\":{\"@id\":\"https:\\\/\\\/www.art-moves-europe.eu\\\/#website\"},\"primaryImageOfPage\":{\"@id\":\"https:\\\/\\\/www.art-moves-europe.eu\\\/de\\\/mein-stoff-bilder\\\/#primaryimage\"},\"image\":{\"@id\":\"https:\\\/\\\/www.art-moves-europe.eu\\\/de\\\/mein-stoff-bilder\\\/#primaryimage\"},\"thumbnailUrl\":\"https:\\\/\\\/www.art-moves-europe.eu\\\/wp-content\\\/uploads\\\/2021\\\/06\\\/980b849b-4ec5-4b06-9b41-38e39d589450-287x300.jpg\",\"datePublished\":\"2021-04-08T06:37:01+00:00\",\"dateModified\":\"2022-04-02T14:51:09+00:00\",\"breadcrumb\":{\"@id\":\"https:\\\/\\\/www.art-moves-europe.eu\\\/de\\\/mein-stoff-bilder\\\/#breadcrumb\"},\"inLanguage\":\"de-DE\",\"potentialAction\":[{\"@type\":\"ReadAction\",\"target\":[\"https:\\\/\\\/www.art-moves-europe.eu\\\/de\\\/mein-stoff-bilder\\\/\"]}]},{\"@type\":\"ImageObject\",\"inLanguage\":\"de-DE\",\"@id\":\"https:\\\/\\\/www.art-moves-europe.eu\\\/de\\\/mein-stoff-bilder\\\/#primaryimage\",\"url\":\"https:\\\/\\\/www.art-moves-europe.eu\\\/wp-content\\\/uploads\\\/2021\\\/06\\\/980b849b-4ec5-4b06-9b41-38e39d589450-287x300.jpg\",\"contentUrl\":\"https:\\\/\\\/www.art-moves-europe.eu\\\/wp-content\\\/uploads\\\/2021\\\/06\\\/980b849b-4ec5-4b06-9b41-38e39d589450-287x300.jpg\"},{\"@type\":\"BreadcrumbList\",\"@id\":\"https:\\\/\\\/www.art-moves-europe.eu\\\/de\\\/mein-stoff-bilder\\\/#breadcrumb\",\"itemListElement\":[{\"@type\":\"ListItem\",\"position\":1,\"name\":\"Startseite\",\"item\":\"https:\\\/\\\/www.art-moves-europe.eu\\\/\"},{\"@type\":\"ListItem\",\"position\":2,\"name\":\"&#8222;Mein Stoff f\u00fcr Europa&#8220;\"}]},{\"@type\":\"WebSite\",\"@id\":\"https:\\\/\\\/www.art-moves-europe.eu\\\/#website\",\"url\":\"https:\\\/\\\/www.art-moves-europe.eu\\\/\",\"name\":\"ART MOVES EUROPE e.V.\",\"description\":\"\",\"potentialAction\":[{\"@type\":\"SearchAction\",\"target\":{\"@type\":\"EntryPoint\",\"urlTemplate\":\"https:\\\/\\\/www.art-moves-europe.eu\\\/?s={search_term_string}\"},\"query-input\":{\"@type\":\"PropertyValueSpecification\",\"valueRequired\":true,\"valueName\":\"search_term_string\"}}],\"inLanguage\":\"de-DE\"}]}<\/script>\n<!-- \/ Yoast SEO plugin. -->","yoast_head_json":{"title":"\"Mein Stoff f\u00fcr Europa\"","robots":{"index":"index","follow":"follow","max-snippet":"max-snippet:-1","max-image-preview":"max-image-preview:large","max-video-preview":"max-video-preview:-1"},"canonical":"https:\/\/www.art-moves-europe.eu\/de\/mein-stoff-bilder\/","og_locale":"de_DE","og_type":"article","og_title":"[:en]\"My Textile for Europe\" - Pictures[:de]\"Mein Stoff f\u00fcr Europa\"[:] - ART MOVES EUROPE e.V.","og_description":"Mein Stoff f\u00fcr Europa ist eine Aktion initiiert von Ursula Mevissen, bei der sie eingeladen hat einen 50&#215;50 cm gro\u00dfen[...]","og_url":"https:\/\/www.art-moves-europe.eu\/de\/mein-stoff-bilder\/","og_site_name":"ART MOVES EUROPE e.V.","article_modified_time":"2022-04-02T14:51:09+00:00","og_image":[{"url":"https:\/\/www.art-moves-europe.eu\/wp-content\/uploads\/2021\/06\/980b849b-4ec5-4b06-9b41-38e39d589450-287x300.jpg","type":"","width":"","height":""}],"twitter_card":"summary_large_image","twitter_misc":{"Gesch\u00e4tzte Lesezeit":"2\u00a0Minuten"},"schema":{"@context":"https:\/\/schema.org","@graph":[{"@type":"WebPage","@id":"https:\/\/www.art-moves-europe.eu\/de\/mein-stoff-bilder\/","url":"https:\/\/www.art-moves-europe.eu\/de\/mein-stoff-bilder\/","name":"\"Mein Stoff f\u00fcr Europa\"","isPartOf":{"@id":"https:\/\/www.art-moves-europe.eu\/#website"},"primaryImageOfPage":{"@id":"https:\/\/www.art-moves-europe.eu\/de\/mein-stoff-bilder\/#primaryimage"},"image":{"@id":"https:\/\/www.art-moves-europe.eu\/de\/mein-stoff-bilder\/#primaryimage"},"thumbnailUrl":"https:\/\/www.art-moves-europe.eu\/wp-content\/uploads\/2021\/06\/980b849b-4ec5-4b06-9b41-38e39d589450-287x300.jpg","datePublished":"2021-04-08T06:37:01+00:00","dateModified":"2022-04-02T14:51:09+00:00","breadcrumb":{"@id":"https:\/\/www.art-moves-europe.eu\/de\/mein-stoff-bilder\/#breadcrumb"},"inLanguage":"de-DE","potentialAction":[{"@type":"ReadAction","target":["https:\/\/www.art-moves-europe.eu\/de\/mein-stoff-bilder\/"]}]},{"@type":"ImageObject","inLanguage":"de-DE","@id":"https:\/\/www.art-moves-europe.eu\/de\/mein-stoff-bilder\/#primaryimage","url":"https:\/\/www.art-moves-europe.eu\/wp-content\/uploads\/2021\/06\/980b849b-4ec5-4b06-9b41-38e39d589450-287x300.jpg","contentUrl":"https:\/\/www.art-moves-europe.eu\/wp-content\/uploads\/2021\/06\/980b849b-4ec5-4b06-9b41-38e39d589450-287x300.jpg"},{"@type":"BreadcrumbList","@id":"https:\/\/www.art-moves-europe.eu\/de\/mein-stoff-bilder\/#breadcrumb","itemListElement":[{"@type":"ListItem","position":1,"name":"Startseite","item":"https:\/\/www.art-moves-europe.eu\/"},{"@type":"ListItem","position":2,"name":"&#8222;Mein Stoff f\u00fcr Europa&#8220;"}]},{"@type":"WebSite","@id":"https:\/\/www.art-moves-europe.eu\/#website","url":"https:\/\/www.art-moves-europe.eu\/","name":"ART MOVES EUROPE e.V.","description":"","potentialAction":[{"@type":"SearchAction","target":{"@type":"EntryPoint","urlTemplate":"https:\/\/www.art-moves-europe.eu\/?s={search_term_string}"},"query-input":{"@type":"PropertyValueSpecification","valueRequired":true,"valueName":"search_term_string"}}],"inLanguage":"de-DE"}]}},"_links":{"self":[{"href":"https:\/\/www.art-moves-europe.eu\/de\/wp-json\/wp\/v2\/pages\/2395","targetHints":{"allow":["GET"]}}],"collection":[{"href":"https:\/\/www.art-moves-europe.eu\/de\/wp-json\/wp\/v2\/pages"}],"about":[{"href":"https:\/\/www.art-moves-europe.eu\/de\/wp-json\/wp\/v2\/types\/page"}],"author":[{"embeddable":true,"href":"https:\/\/www.art-moves-europe.eu\/de\/wp-json\/wp\/v2\/users\/2"}],"replies":[{"embeddable":true,"href":"https:\/\/www.art-moves-europe.eu\/de\/wp-json\/wp\/v2\/comments?post=2395"}],"version-history":[{"count":84,"href":"https:\/\/www.art-moves-europe.eu\/de\/wp-json\/wp\/v2\/pages\/2395\/revisions"}],"predecessor-version":[{"id":2979,"href":"https:\/\/www.art-moves-europe.eu\/de\/wp-json\/wp\/v2\/pages\/2395\/revisions\/2979"}],"wp:attachment":[{"href":"https:\/\/www.art-moves-europe.eu\/de\/wp-json\/wp\/v2\/media?parent=2395"}],"curies":[{"name":"wp","href":"https:\/\/api.w.org\/{rel}","templated":true}]}}