{"id":2545,"date":"2021-05-02T17:17:39","date_gmt":"2021-05-02T15:17:39","guid":{"rendered":"https:\/\/www.art-moves-europe.eu\/de\/?page_id=2545"},"modified":"2021-05-02T17:24:24","modified_gmt":"2021-05-02T15:24:24","slug":"figurenbeuten-pyrinaeenbaer-marc-bei-ausass-toulouse","status":"publish","type":"page","link":"https:\/\/www.art-moves-europe.eu\/de\/figurenbeuten-pyrinaeenbaer-marc-bei-ausass-toulouse\/","title":{"rendered":"Figurenbeuten Pyrin\u00e4enb\u00e4r, Marc bei Ausa\u00df, Toulouse"},"content":{"rendered":"<div>\n<table style=\"border-collapse: collapse; width: 100%;\">\n<tbody>\n<tr>\n<td style=\"width: 50%;\"><img loading=\"lazy\" decoding=\"async\" class=\"alignnone size-medium wp-image-2546\" src=\"https:\/\/www.art-moves-europe.eu\/wp-content\/uploads\/2021\/05\/Bienebaer-300x225.jpeg\" alt=\"\" width=\"300\" height=\"225\" srcset=\"https:\/\/www.art-moves-europe.eu\/wp-content\/uploads\/2021\/05\/Bienebaer-300x225.jpeg 300w, https:\/\/www.art-moves-europe.eu\/wp-content\/uploads\/2021\/05\/Bienebaer.jpeg 640w\" sizes=\"auto, (max-width: 300px) 100vw, 300px\" \/><\/td>\n<td style=\"width: 50%;\">Bienenb\u00e4r<\/p>\n<p>Pyren\u00e4enb\u00e4r, Albert II, sog. Firgurenbeute<\/p>\n<p>Ort: Marc bei Ausa\u00df, Toulouse<\/p>\n<p>K\u00fcnstlerin: Birgit Maria J\u00f6nnsen<\/p>\n<p>Material: Holz,<\/td>\n<\/tr>\n<\/tbody>\n<\/table>\n<\/div>\n<div>&nbsp;<\/div>\n<div class=\"\"><span class=\"\">&nbsp;Meinen Gedanken zu Europa.<\/span><\/div>\n<div class=\"\"><span class=\"\">\u201aArt moves Europe\u2018 hei\u00dft der Weg zum Ziel, eines geeinten Europas. Nun hat der Brexit uns einen \u201aArm ausgerissen\u2018 wenn ich mir das Logo der Bewegung vornehme:<\/span><\/div>\n<div>\n<table style=\"border-collapse: collapse; width: 100%;\">\n<tbody>\n<tr>\n<td style=\"width: 50%;\"><img loading=\"lazy\" decoding=\"async\" class=\"alignnone size-medium wp-image-2547\" src=\"https:\/\/www.art-moves-europe.eu\/wp-content\/uploads\/2021\/05\/02_AME_LOGO_ROUND_rgb-300x300.jpg\" alt=\"\" width=\"300\" height=\"300\" srcset=\"https:\/\/www.art-moves-europe.eu\/wp-content\/uploads\/2021\/05\/02_AME_LOGO_ROUND_rgb-300x300.jpg 300w, https:\/\/www.art-moves-europe.eu\/wp-content\/uploads\/2021\/05\/02_AME_LOGO_ROUND_rgb-1024x1024.jpg 1024w, https:\/\/www.art-moves-europe.eu\/wp-content\/uploads\/2021\/05\/02_AME_LOGO_ROUND_rgb-150x150.jpg 150w, https:\/\/www.art-moves-europe.eu\/wp-content\/uploads\/2021\/05\/02_AME_LOGO_ROUND_rgb-768x768.jpg 768w, https:\/\/www.art-moves-europe.eu\/wp-content\/uploads\/2021\/05\/02_AME_LOGO_ROUND_rgb.jpg 1284w\" sizes=\"auto, (max-width: 300px) 100vw, 300px\" \/><\/td>\n<td style=\"width: 50%;\"><img loading=\"lazy\" decoding=\"async\" class=\"alignnone size-medium wp-image-2548\" src=\"https:\/\/www.art-moves-europe.eu\/wp-content\/uploads\/2021\/05\/SIX_1D044B7D-741D-49FF-B179-396BFD12B506-288x300.jpeg\" alt=\"\" width=\"288\" height=\"300\" srcset=\"https:\/\/www.art-moves-europe.eu\/wp-content\/uploads\/2021\/05\/SIX_1D044B7D-741D-49FF-B179-396BFD12B506-288x300.jpeg 288w, https:\/\/www.art-moves-europe.eu\/wp-content\/uploads\/2021\/05\/SIX_1D044B7D-741D-49FF-B179-396BFD12B506.jpeg 480w\" sizes=\"auto, (max-width: 288px) 100vw, 288px\" \/><\/td>\n<\/tr>\n<\/tbody>\n<\/table>\n<\/div>\n<div>\n<div class=\"\"><span class=\"\">Aber die neue \u201aEuropa\u2018 balanciert weniger auf dem Stier, auf den ich noch zu sprechen komme, nein, sie sitzt mit schwingender Brust fest im Sattel, umschwirrt von Bienen und reitet voran. Ja ich k\u00f6nnte mir sogar eine Hand am Z\u00fcgel denken.<\/span><\/div>\n<div class=\"\"><span class=\"\">Der Motor Europas ist nicht nur Deutschland und Frankreich, sondern die Kunst, \u201aArt Moves\u2018 ganz Europas. Und wenn wir \u00fcber die Grenzen hinaus schauen, nach Amerika, China und Russland, dann ist uns Russland ein bewegender Moment im Getriebe. Denn, und jetzt komme ich auf den Stier, wenn wir und vorstellen, da\u00df Europa ihn reitet, so sitzt sie doch in einem hei\u00dfen Sattel: Belarus und die Ukraine. Europa hei\u00dft ja, wenn wir wikipedia einmal mehr glauben: \u201adie mit der weiten Sicht\u2018. Im Moment hei\u00dft es in der Corona-Politik \u201aauf Sicht fahren\u2018. Und was sehe ich da? Die n\u00e4chste Apimondia, sprich der n\u00e4chste Weltbienenkongress ist in Russland. 2022, wenn wir auf unserem Europ\u00e4ischen Skulpturenweg 10 tausend Kilometer und mehr durchwandern, dann ist es vielleicht erlaubt, kurz \u00fcber den Tellerrand zu gucken, mit einem Blick in die Welt der Bienen.<\/span><\/div>\n<div class=\"\"><span class=\"\">Die Welt der Bienen er\u00f6ffnet sich schon mit einem Blick in eine meiner Bienenhausskulpturen. Europaweit hat meine Werkstatt durch ihre Auftraggeber belebte Skulpturen aufgestellt. F\u00fcr unsere Reise auf dem Europ\u00e4ische Skulpturenweg m\u00f6chte ich den Pyren\u00e4en-B\u00e4r Albert II anwandern. Er steht auf 1000m H\u00f6he im 5 Seelend\u00f6rfchen Marc, oberhalb Ausa\u00df, bei Toulouse. Seine Nase, voll mit Bienen hebt er, eine F\u00e4hrte witternd in Richtung Andorra<\/span><\/div>\n<div>\n<div class=\"\">Albert II entstand zu einer Zeit, da B\u00e4ren in den franz\u00f6sischen Pyren\u00e4en ausgebildet wurden. Nicht zur Freude der J\u00e4ger und Sch\u00e4fer. Auch bei meinem Besuch 2017 waren immer noch Fadenkreuze mit B\u00e4renk\u00f6pfen auf die Felsw\u00e4nde der Passstra\u00dfen gesprayt. Der Widerstand ist nach wie vor gro\u00df. Und wenn wir bedenken, da\u00df auch B\u00e4r Bruno in Deutschland nach 170 Jahren, da kein B\u00e4r auf deutschem Boden zu finden war, erschossen wurde, m\u00fcssen wir nicht erschreckt nach Frankreich blicken.Aber das Buch \u201aSie sind wieder da. B\u00e4r, Luchs und Wolf erleben\u2018 von Ralf B\u00fcrglin, erschienen 2015 macht Hoffnung, da\u00df Europa wieder \u201aMut zur Wildnis\u2018 sch\u00f6pft, wie Hubert Weinzierl mal so sch\u00f6n formuliert hat. Dazu geh\u00f6ren auch die Bienen. Sie sind in den letzten Jahren gesellschaftsf\u00e4hig geworden. Das beweist auch die Wiederentdeckung der Figurenbeuten. Sie spielten schon im 18. Jahrhundert eine Rolle. Was zu dieser Zeit nur im mittleren Osteuropa seine Ausbreitung fand, gibt es heute allerorts, nur kenn sie kaum einer, die Skulpturen, mit Bienen im Bauch.<\/div>\n<div class=\"\">&nbsp;<\/div>\n<div class=\"\"><a class=\"\" href=\"http:\/\/www.bienenimbauch.de\">www.bienenimbauch.de<\/a><\/div>\n<div class=\"\">Instagram: @figurenbeuten&nbsp;<\/div>\n<\/div>\n<div class=\"\"><span class=\"\">.<\/span><\/div>\n<\/div>\n","protected":false},"excerpt":{"rendered":"<p>Bienenb\u00e4r Pyren\u00e4enb\u00e4r, Albert II, sog. Firgurenbeute Ort: Marc bei Ausa\u00df, Toulouse K\u00fcnstlerin: Birgit Maria J\u00f6nnsen Material: Holz, &nbsp; &nbsp;Meinen Gedanken[&#8230;]<\/p>\n","protected":false},"author":2,"featured_media":0,"parent":0,"menu_order":0,"comment_status":"closed","ping_status":"closed","template":"","meta":{"ngg_post_thumbnail":0,"footnotes":""},"class_list":["post-2545","page","type-page","status-publish","hentry"],"yoast_head":"<!-- This site is optimized with the Yoast SEO plugin v27.5 - https:\/\/yoast.com\/product\/yoast-seo-wordpress\/ -->\n<title>Figurenbeuten Pyrin\u00e4enb\u00e4r, Marc bei Ausa\u00df, Toulouse<\/title>\n<meta name=\"robots\" content=\"index, follow, max-snippet:-1, max-image-preview:large, max-video-preview:-1\" \/>\n<link rel=\"canonical\" href=\"https:\/\/www.art-moves-europe.eu\/de\/figurenbeuten-pyrinaeenbaer-marc-bei-ausass-toulouse\/\" \/>\n<meta property=\"og:locale\" content=\"de_DE\" \/>\n<meta property=\"og:locale:alternate\" content=\"en_US\" \/>\n<meta property=\"og:type\" content=\"article\" \/>\n<meta property=\"og:title\" content=\"Figurenbeuten Pyrin\u00e4enb\u00e4r, Marc bei Ausa\u00df, Toulouse\" \/>\n<meta property=\"og:description\" content=\"Bienenb\u00e4r Pyren\u00e4enb\u00e4r, Albert II, sog. Firgurenbeute Ort: Marc bei Ausa\u00df, Toulouse K\u00fcnstlerin: Birgit Maria J\u00f6nnsen Material: Holz, &nbsp; &nbsp;Meinen Gedanken[...]\" \/>\n<meta property=\"og:url\" content=\"https:\/\/www.art-moves-europe.eu\/de\/figurenbeuten-pyrinaeenbaer-marc-bei-ausass-toulouse\/\" \/>\n<meta property=\"og:site_name\" content=\"ART MOVES EUROPE e.V.\" \/>\n<meta property=\"article:modified_time\" content=\"2021-05-02T15:24:24+00:00\" \/>\n<meta property=\"og:image\" content=\"https:\/\/www.art-moves-europe.eu\/wp-content\/uploads\/2021\/05\/Bienebaer-300x225.jpeg\" \/>\n<meta name=\"twitter:card\" content=\"summary_large_image\" \/>\n<meta name=\"twitter:label1\" content=\"Gesch\u00e4tzte Lesezeit\" \/>\n\t<meta name=\"twitter:data1\" content=\"3\u00a0Minuten\" \/>\n<script type=\"application\/ld+json\" class=\"yoast-schema-graph\">{\"@context\":\"https:\\\/\\\/schema.org\",\"@graph\":[{\"@type\":\"WebPage\",\"@id\":\"https:\\\/\\\/www.art-moves-europe.eu\\\/figurenbeuten-pyrinaeenbaer-marc-bei-ausass-toulouse\\\/\",\"url\":\"https:\\\/\\\/www.art-moves-europe.eu\\\/figurenbeuten-pyrinaeenbaer-marc-bei-ausass-toulouse\\\/\",\"name\":\"Figurenbeuten Pyrin\u00e4enb\u00e4r, Marc bei Ausa\u00df, Toulouse\",\"isPartOf\":{\"@id\":\"https:\\\/\\\/www.art-moves-europe.eu\\\/#website\"},\"primaryImageOfPage\":{\"@id\":\"https:\\\/\\\/www.art-moves-europe.eu\\\/figurenbeuten-pyrinaeenbaer-marc-bei-ausass-toulouse\\\/#primaryimage\"},\"image\":{\"@id\":\"https:\\\/\\\/www.art-moves-europe.eu\\\/figurenbeuten-pyrinaeenbaer-marc-bei-ausass-toulouse\\\/#primaryimage\"},\"thumbnailUrl\":\"https:\\\/\\\/www.art-moves-europe.eu\\\/wp-content\\\/uploads\\\/2021\\\/05\\\/Bienebaer-300x225.jpeg\",\"datePublished\":\"2021-05-02T15:17:39+00:00\",\"dateModified\":\"2021-05-02T15:24:24+00:00\",\"breadcrumb\":{\"@id\":\"https:\\\/\\\/www.art-moves-europe.eu\\\/figurenbeuten-pyrinaeenbaer-marc-bei-ausass-toulouse\\\/#breadcrumb\"},\"inLanguage\":\"de-DE\",\"potentialAction\":[{\"@type\":\"ReadAction\",\"target\":[\"https:\\\/\\\/www.art-moves-europe.eu\\\/figurenbeuten-pyrinaeenbaer-marc-bei-ausass-toulouse\\\/\"]}]},{\"@type\":\"ImageObject\",\"inLanguage\":\"de-DE\",\"@id\":\"https:\\\/\\\/www.art-moves-europe.eu\\\/figurenbeuten-pyrinaeenbaer-marc-bei-ausass-toulouse\\\/#primaryimage\",\"url\":\"https:\\\/\\\/www.art-moves-europe.eu\\\/wp-content\\\/uploads\\\/2021\\\/05\\\/Bienebaer-300x225.jpeg\",\"contentUrl\":\"https:\\\/\\\/www.art-moves-europe.eu\\\/wp-content\\\/uploads\\\/2021\\\/05\\\/Bienebaer-300x225.jpeg\"},{\"@type\":\"BreadcrumbList\",\"@id\":\"https:\\\/\\\/www.art-moves-europe.eu\\\/figurenbeuten-pyrinaeenbaer-marc-bei-ausass-toulouse\\\/#breadcrumb\",\"itemListElement\":[{\"@type\":\"ListItem\",\"position\":1,\"name\":\"Startseite\",\"item\":\"https:\\\/\\\/www.art-moves-europe.eu\\\/\"},{\"@type\":\"ListItem\",\"position\":2,\"name\":\"Bienenb\u00e4r, Albert II, Marc bei Ausa\u00df, Toulouse,\"}]},{\"@type\":\"WebSite\",\"@id\":\"https:\\\/\\\/www.art-moves-europe.eu\\\/#website\",\"url\":\"https:\\\/\\\/www.art-moves-europe.eu\\\/\",\"name\":\"ART MOVES EUROPE e.V.\",\"description\":\"\",\"potentialAction\":[{\"@type\":\"SearchAction\",\"target\":{\"@type\":\"EntryPoint\",\"urlTemplate\":\"https:\\\/\\\/www.art-moves-europe.eu\\\/?s={search_term_string}\"},\"query-input\":{\"@type\":\"PropertyValueSpecification\",\"valueRequired\":true,\"valueName\":\"search_term_string\"}}],\"inLanguage\":\"de-DE\"}]}<\/script>\n<!-- \/ Yoast SEO plugin. -->","yoast_head_json":{"title":"Figurenbeuten Pyrin\u00e4enb\u00e4r, Marc bei Ausa\u00df, Toulouse","robots":{"index":"index","follow":"follow","max-snippet":"max-snippet:-1","max-image-preview":"max-image-preview:large","max-video-preview":"max-video-preview:-1"},"canonical":"https:\/\/www.art-moves-europe.eu\/de\/figurenbeuten-pyrinaeenbaer-marc-bei-ausass-toulouse\/","og_locale":"de_DE","og_type":"article","og_title":"[:en]Bienenb\u00e4r, Albert II, Marc bei Ausa\u00df, Toulouse,[:de]Figurenbeuten Pyrin\u00e4enb\u00e4r, Marc bei Ausa\u00df, Toulouse[:] - ART MOVES EUROPE e.V.","og_description":"Bienenb\u00e4r Pyren\u00e4enb\u00e4r, Albert II, sog. Firgurenbeute Ort: Marc bei Ausa\u00df, Toulouse K\u00fcnstlerin: Birgit Maria J\u00f6nnsen Material: Holz, &nbsp; &nbsp;Meinen Gedanken[...]","og_url":"https:\/\/www.art-moves-europe.eu\/de\/figurenbeuten-pyrinaeenbaer-marc-bei-ausass-toulouse\/","og_site_name":"ART MOVES EUROPE e.V.","article_modified_time":"2021-05-02T15:24:24+00:00","og_image":[{"url":"https:\/\/www.art-moves-europe.eu\/wp-content\/uploads\/2021\/05\/Bienebaer-300x225.jpeg","type":"","width":"","height":""}],"twitter_card":"summary_large_image","twitter_misc":{"Gesch\u00e4tzte Lesezeit":"3\u00a0Minuten"},"schema":{"@context":"https:\/\/schema.org","@graph":[{"@type":"WebPage","@id":"https:\/\/www.art-moves-europe.eu\/figurenbeuten-pyrinaeenbaer-marc-bei-ausass-toulouse\/","url":"https:\/\/www.art-moves-europe.eu\/figurenbeuten-pyrinaeenbaer-marc-bei-ausass-toulouse\/","name":"Figurenbeuten Pyrin\u00e4enb\u00e4r, Marc bei Ausa\u00df, Toulouse","isPartOf":{"@id":"https:\/\/www.art-moves-europe.eu\/#website"},"primaryImageOfPage":{"@id":"https:\/\/www.art-moves-europe.eu\/figurenbeuten-pyrinaeenbaer-marc-bei-ausass-toulouse\/#primaryimage"},"image":{"@id":"https:\/\/www.art-moves-europe.eu\/figurenbeuten-pyrinaeenbaer-marc-bei-ausass-toulouse\/#primaryimage"},"thumbnailUrl":"https:\/\/www.art-moves-europe.eu\/wp-content\/uploads\/2021\/05\/Bienebaer-300x225.jpeg","datePublished":"2021-05-02T15:17:39+00:00","dateModified":"2021-05-02T15:24:24+00:00","breadcrumb":{"@id":"https:\/\/www.art-moves-europe.eu\/figurenbeuten-pyrinaeenbaer-marc-bei-ausass-toulouse\/#breadcrumb"},"inLanguage":"de-DE","potentialAction":[{"@type":"ReadAction","target":["https:\/\/www.art-moves-europe.eu\/figurenbeuten-pyrinaeenbaer-marc-bei-ausass-toulouse\/"]}]},{"@type":"ImageObject","inLanguage":"de-DE","@id":"https:\/\/www.art-moves-europe.eu\/figurenbeuten-pyrinaeenbaer-marc-bei-ausass-toulouse\/#primaryimage","url":"https:\/\/www.art-moves-europe.eu\/wp-content\/uploads\/2021\/05\/Bienebaer-300x225.jpeg","contentUrl":"https:\/\/www.art-moves-europe.eu\/wp-content\/uploads\/2021\/05\/Bienebaer-300x225.jpeg"},{"@type":"BreadcrumbList","@id":"https:\/\/www.art-moves-europe.eu\/figurenbeuten-pyrinaeenbaer-marc-bei-ausass-toulouse\/#breadcrumb","itemListElement":[{"@type":"ListItem","position":1,"name":"Startseite","item":"https:\/\/www.art-moves-europe.eu\/"},{"@type":"ListItem","position":2,"name":"Bienenb\u00e4r, Albert II, Marc bei Ausa\u00df, Toulouse,"}]},{"@type":"WebSite","@id":"https:\/\/www.art-moves-europe.eu\/#website","url":"https:\/\/www.art-moves-europe.eu\/","name":"ART MOVES EUROPE e.V.","description":"","potentialAction":[{"@type":"SearchAction","target":{"@type":"EntryPoint","urlTemplate":"https:\/\/www.art-moves-europe.eu\/?s={search_term_string}"},"query-input":{"@type":"PropertyValueSpecification","valueRequired":true,"valueName":"search_term_string"}}],"inLanguage":"de-DE"}]}},"_links":{"self":[{"href":"https:\/\/www.art-moves-europe.eu\/de\/wp-json\/wp\/v2\/pages\/2545","targetHints":{"allow":["GET"]}}],"collection":[{"href":"https:\/\/www.art-moves-europe.eu\/de\/wp-json\/wp\/v2\/pages"}],"about":[{"href":"https:\/\/www.art-moves-europe.eu\/de\/wp-json\/wp\/v2\/types\/page"}],"author":[{"embeddable":true,"href":"https:\/\/www.art-moves-europe.eu\/de\/wp-json\/wp\/v2\/users\/2"}],"replies":[{"embeddable":true,"href":"https:\/\/www.art-moves-europe.eu\/de\/wp-json\/wp\/v2\/comments?post=2545"}],"version-history":[{"count":5,"href":"https:\/\/www.art-moves-europe.eu\/de\/wp-json\/wp\/v2\/pages\/2545\/revisions"}],"predecessor-version":[{"id":2553,"href":"https:\/\/www.art-moves-europe.eu\/de\/wp-json\/wp\/v2\/pages\/2545\/revisions\/2553"}],"wp:attachment":[{"href":"https:\/\/www.art-moves-europe.eu\/de\/wp-json\/wp\/v2\/media?parent=2545"}],"curies":[{"name":"wp","href":"https:\/\/api.w.org\/{rel}","templated":true}]}}