{"id":2687,"date":"2021-08-18T13:57:52","date_gmt":"2021-08-18T11:57:52","guid":{"rendered":"https:\/\/www.art-moves-europe.eu\/de\/?page_id=2687"},"modified":"2021-08-18T13:59:33","modified_gmt":"2021-08-18T11:59:33","slug":"frank-tils","status":"publish","type":"page","link":"https:\/\/www.art-moves-europe.eu\/de\/frank-tils\/","title":{"rendered":"Frank Tils"},"content":{"rendered":"<table style=\"border-collapse: collapse; width: 100%;\">\n<tbody>\n<tr>\n<td style=\"width: 50%;\"><img loading=\"lazy\" decoding=\"async\" class=\"alignnone size-full wp-image-2685\" src=\"https:\/\/www.art-moves-europe.eu\/wp-content\/uploads\/2021\/08\/Frank-Tils-bearbeitet.png\" alt=\"\" width=\"260\" height=\"260\" srcset=\"https:\/\/www.art-moves-europe.eu\/wp-content\/uploads\/2021\/08\/Frank-Tils-bearbeitet.png 260w, https:\/\/www.art-moves-europe.eu\/wp-content\/uploads\/2021\/08\/Frank-Tils-bearbeitet-150x150.png 150w\" sizes=\"auto, (max-width: 260px) 100vw, 260px\" \/><\/td>\n<td style=\"width: 50%;\">&nbsp;<\/td>\n<\/tr>\n<tr>\n<td style=\"width: 50%;\" colspan=\"2\">&#8212;&#8212;&#8212;&#8212;-&nbsp; Lebenslauf &#8212;&#8212;&#8212;&#8212;&#8212;&#8212;<\/p>\n<p>&nbsp;<\/p>\n<p>Frank Tils kam erst im Alter von 52 Jahren zur Bildhauerei. Durch Burnout f\u00fcr ein \u00bd Jahr aus der beruflichen und famil\u00e4ren Bahn geworfen, fand er im Gestalten von Holz und Stein sowie Malerei in Acryl eine Projektionsfl\u00e4che, die ihm zum einen hilft eine Balance zu finden zwischen seiner selbst, Familie und Beruf sowie pers\u00f6nliche, aber h\u00e4ufig auch politische Themen mittels der Kunst anzusprechen und darzustellen.<\/p>\n<p>&nbsp;<\/p>\n<p>Frank Tils lebt seit fast 30 Jahren in Frankfurt\/Main und f\u00fchrt zusammen mit seiner Partnerin ein nicht ganz gew\u00f6hnliches Patchworkfamilien-Leben mit zusammen 8 Kindern.<\/p>\n<p>&nbsp;<\/p>\n<p><strong><em><u>Projekte:<\/u><\/em><\/strong><\/p>\n<p>Bildhauersymposium in Wolfegg \/ Allg\u00e4u ( 2021)<\/p>\n<p>\u201eIn Vielfalt vereint\u201c \u2013 Das Experiemnt (art-moves-europe.eu) (2021)<\/p>\n<p>Grenzsteine f\u00fcr Europa (art-moves-europe.eu) (2020\/21)<\/td>\n<\/tr>\n<\/tbody>\n<\/table>\n","protected":false},"excerpt":{"rendered":"<p>&nbsp; &#8212;&#8212;&#8212;&#8212;-&nbsp; Lebenslauf &#8212;&#8212;&#8212;&#8212;&#8212;&#8212; &nbsp; Frank Tils kam erst im Alter von 52 Jahren zur Bildhauerei. Durch Burnout f\u00fcr ein[&#8230;]<\/p>\n","protected":false},"author":2,"featured_media":0,"parent":0,"menu_order":0,"comment_status":"closed","ping_status":"closed","template":"","meta":{"ngg_post_thumbnail":0,"footnotes":""},"class_list":["post-2687","page","type-page","status-publish","hentry"],"yoast_head":"<!-- This site is optimized with the Yoast SEO plugin v27.5 - https:\/\/yoast.com\/product\/yoast-seo-wordpress\/ -->\n<title>Frank Tils<\/title>\n<meta name=\"robots\" content=\"index, follow, max-snippet:-1, max-image-preview:large, max-video-preview:-1\" \/>\n<link rel=\"canonical\" href=\"https:\/\/www.art-moves-europe.eu\/de\/frank-tils\/\" \/>\n<meta property=\"og:locale\" content=\"de_DE\" \/>\n<meta property=\"og:locale:alternate\" content=\"en_US\" \/>\n<meta property=\"og:type\" content=\"article\" \/>\n<meta property=\"og:title\" content=\"Frank Tils\" \/>\n<meta property=\"og:description\" content=\"&nbsp; &#8212;&#8212;&#8212;&#8212;-&nbsp; Lebenslauf &#8212;&#8212;&#8212;&#8212;&#8212;&#8212; &nbsp; Frank Tils kam erst im Alter von 52 Jahren zur Bildhauerei. Durch Burnout f\u00fcr ein[...]\" \/>\n<meta property=\"og:url\" content=\"https:\/\/www.art-moves-europe.eu\/de\/frank-tils\/\" \/>\n<meta property=\"og:site_name\" content=\"ART MOVES EUROPE e.V.\" \/>\n<meta property=\"article:modified_time\" content=\"2021-08-18T11:59:33+00:00\" \/>\n<meta property=\"og:image\" content=\"https:\/\/www.art-moves-europe.eu\/wp-content\/uploads\/2021\/08\/Frank-Tils-bearbeitet.png\" \/>\n<meta name=\"twitter:card\" content=\"summary_large_image\" \/>\n<meta name=\"twitter:label1\" content=\"Gesch\u00e4tzte Lesezeit\" \/>\n\t<meta name=\"twitter:data1\" content=\"1\u00a0Minute\" \/>\n<script type=\"application\/ld+json\" class=\"yoast-schema-graph\">{\"@context\":\"https:\\\/\\\/schema.org\",\"@graph\":[{\"@type\":\"WebPage\",\"@id\":\"https:\\\/\\\/www.art-moves-europe.eu\\\/de\\\/frank-tils\\\/\",\"url\":\"https:\\\/\\\/www.art-moves-europe.eu\\\/de\\\/frank-tils\\\/\",\"name\":\"Frank Tils\",\"isPartOf\":{\"@id\":\"https:\\\/\\\/www.art-moves-europe.eu\\\/#website\"},\"primaryImageOfPage\":{\"@id\":\"https:\\\/\\\/www.art-moves-europe.eu\\\/de\\\/frank-tils\\\/#primaryimage\"},\"image\":{\"@id\":\"https:\\\/\\\/www.art-moves-europe.eu\\\/de\\\/frank-tils\\\/#primaryimage\"},\"thumbnailUrl\":\"https:\\\/\\\/www.art-moves-europe.eu\\\/wp-content\\\/uploads\\\/2021\\\/08\\\/Frank-Tils-bearbeitet.png\",\"datePublished\":\"2021-08-18T11:57:52+00:00\",\"dateModified\":\"2021-08-18T11:59:33+00:00\",\"breadcrumb\":{\"@id\":\"https:\\\/\\\/www.art-moves-europe.eu\\\/de\\\/frank-tils\\\/#breadcrumb\"},\"inLanguage\":\"de-DE\",\"potentialAction\":[{\"@type\":\"ReadAction\",\"target\":[\"https:\\\/\\\/www.art-moves-europe.eu\\\/de\\\/frank-tils\\\/\"]}]},{\"@type\":\"ImageObject\",\"inLanguage\":\"de-DE\",\"@id\":\"https:\\\/\\\/www.art-moves-europe.eu\\\/de\\\/frank-tils\\\/#primaryimage\",\"url\":\"https:\\\/\\\/www.art-moves-europe.eu\\\/wp-content\\\/uploads\\\/2021\\\/08\\\/Frank-Tils-bearbeitet.png\",\"contentUrl\":\"https:\\\/\\\/www.art-moves-europe.eu\\\/wp-content\\\/uploads\\\/2021\\\/08\\\/Frank-Tils-bearbeitet.png\"},{\"@type\":\"BreadcrumbList\",\"@id\":\"https:\\\/\\\/www.art-moves-europe.eu\\\/de\\\/frank-tils\\\/#breadcrumb\",\"itemListElement\":[{\"@type\":\"ListItem\",\"position\":1,\"name\":\"Startseite\",\"item\":\"https:\\\/\\\/www.art-moves-europe.eu\\\/\"},{\"@type\":\"ListItem\",\"position\":2,\"name\":\"Frank Tils\"}]},{\"@type\":\"WebSite\",\"@id\":\"https:\\\/\\\/www.art-moves-europe.eu\\\/#website\",\"url\":\"https:\\\/\\\/www.art-moves-europe.eu\\\/\",\"name\":\"ART MOVES EUROPE e.V.\",\"description\":\"\",\"potentialAction\":[{\"@type\":\"SearchAction\",\"target\":{\"@type\":\"EntryPoint\",\"urlTemplate\":\"https:\\\/\\\/www.art-moves-europe.eu\\\/?s={search_term_string}\"},\"query-input\":{\"@type\":\"PropertyValueSpecification\",\"valueRequired\":true,\"valueName\":\"search_term_string\"}}],\"inLanguage\":\"de-DE\"}]}<\/script>\n<!-- \/ Yoast SEO plugin. -->","yoast_head_json":{"title":"Frank Tils","robots":{"index":"index","follow":"follow","max-snippet":"max-snippet:-1","max-image-preview":"max-image-preview:large","max-video-preview":"max-video-preview:-1"},"canonical":"https:\/\/www.art-moves-europe.eu\/de\/frank-tils\/","og_locale":"de_DE","og_type":"article","og_title":"[:en]Frank Tils[:de]Frank Tils[:] - ART MOVES EUROPE e.V.","og_description":"&nbsp; &#8212;&#8212;&#8212;&#8212;-&nbsp; Lebenslauf &#8212;&#8212;&#8212;&#8212;&#8212;&#8212; &nbsp; Frank Tils kam erst im Alter von 52 Jahren zur Bildhauerei. Durch Burnout f\u00fcr ein[...]","og_url":"https:\/\/www.art-moves-europe.eu\/de\/frank-tils\/","og_site_name":"ART MOVES EUROPE e.V.","article_modified_time":"2021-08-18T11:59:33+00:00","og_image":[{"url":"https:\/\/www.art-moves-europe.eu\/wp-content\/uploads\/2021\/08\/Frank-Tils-bearbeitet.png","type":"","width":"","height":""}],"twitter_card":"summary_large_image","twitter_misc":{"Gesch\u00e4tzte Lesezeit":"1\u00a0Minute"},"schema":{"@context":"https:\/\/schema.org","@graph":[{"@type":"WebPage","@id":"https:\/\/www.art-moves-europe.eu\/de\/frank-tils\/","url":"https:\/\/www.art-moves-europe.eu\/de\/frank-tils\/","name":"Frank Tils","isPartOf":{"@id":"https:\/\/www.art-moves-europe.eu\/#website"},"primaryImageOfPage":{"@id":"https:\/\/www.art-moves-europe.eu\/de\/frank-tils\/#primaryimage"},"image":{"@id":"https:\/\/www.art-moves-europe.eu\/de\/frank-tils\/#primaryimage"},"thumbnailUrl":"https:\/\/www.art-moves-europe.eu\/wp-content\/uploads\/2021\/08\/Frank-Tils-bearbeitet.png","datePublished":"2021-08-18T11:57:52+00:00","dateModified":"2021-08-18T11:59:33+00:00","breadcrumb":{"@id":"https:\/\/www.art-moves-europe.eu\/de\/frank-tils\/#breadcrumb"},"inLanguage":"de-DE","potentialAction":[{"@type":"ReadAction","target":["https:\/\/www.art-moves-europe.eu\/de\/frank-tils\/"]}]},{"@type":"ImageObject","inLanguage":"de-DE","@id":"https:\/\/www.art-moves-europe.eu\/de\/frank-tils\/#primaryimage","url":"https:\/\/www.art-moves-europe.eu\/wp-content\/uploads\/2021\/08\/Frank-Tils-bearbeitet.png","contentUrl":"https:\/\/www.art-moves-europe.eu\/wp-content\/uploads\/2021\/08\/Frank-Tils-bearbeitet.png"},{"@type":"BreadcrumbList","@id":"https:\/\/www.art-moves-europe.eu\/de\/frank-tils\/#breadcrumb","itemListElement":[{"@type":"ListItem","position":1,"name":"Startseite","item":"https:\/\/www.art-moves-europe.eu\/"},{"@type":"ListItem","position":2,"name":"Frank Tils"}]},{"@type":"WebSite","@id":"https:\/\/www.art-moves-europe.eu\/#website","url":"https:\/\/www.art-moves-europe.eu\/","name":"ART MOVES EUROPE e.V.","description":"","potentialAction":[{"@type":"SearchAction","target":{"@type":"EntryPoint","urlTemplate":"https:\/\/www.art-moves-europe.eu\/?s={search_term_string}"},"query-input":{"@type":"PropertyValueSpecification","valueRequired":true,"valueName":"search_term_string"}}],"inLanguage":"de-DE"}]}},"_links":{"self":[{"href":"https:\/\/www.art-moves-europe.eu\/de\/wp-json\/wp\/v2\/pages\/2687","targetHints":{"allow":["GET"]}}],"collection":[{"href":"https:\/\/www.art-moves-europe.eu\/de\/wp-json\/wp\/v2\/pages"}],"about":[{"href":"https:\/\/www.art-moves-europe.eu\/de\/wp-json\/wp\/v2\/types\/page"}],"author":[{"embeddable":true,"href":"https:\/\/www.art-moves-europe.eu\/de\/wp-json\/wp\/v2\/users\/2"}],"replies":[{"embeddable":true,"href":"https:\/\/www.art-moves-europe.eu\/de\/wp-json\/wp\/v2\/comments?post=2687"}],"version-history":[{"count":2,"href":"https:\/\/www.art-moves-europe.eu\/de\/wp-json\/wp\/v2\/pages\/2687\/revisions"}],"predecessor-version":[{"id":2689,"href":"https:\/\/www.art-moves-europe.eu\/de\/wp-json\/wp\/v2\/pages\/2687\/revisions\/2689"}],"wp:attachment":[{"href":"https:\/\/www.art-moves-europe.eu\/de\/wp-json\/wp\/v2\/media?parent=2687"}],"curies":[{"name":"wp","href":"https:\/\/api.w.org\/{rel}","templated":true}]}}